{"id":3,"date":"2021-10-19T12:58:49","date_gmt":"2021-10-19T12:58:49","guid":{"rendered":"https:\/\/shop.ibcc.hu\/?page_id=3"},"modified":"2025-10-13T11:32:51","modified_gmt":"2025-10-13T09:32:51","slug":"adatkezelesi-tajekoztato","status":"publish","type":"page","link":"https:\/\/shop.ibcc.hu\/adatkezelesi-tajekoztato\/","title":{"rendered":"Adatkezel\u00e9si t\u00e1j\u00e9koztat\u00f3"},"content":{"rendered":"\r\n<h3 class=\"wp-block-heading\">Adatkezel\u0151<\/h3>\r\n<p><strong>N\u00e9v:<\/strong> This Side Management &amp; More Kft<\/p>\r\n<p><strong>Sz\u00e9khely:<\/strong> 8200 Veszpr\u00e9m Kossuth utca 6<\/p>\r\n<p><strong>Levelez\u00e9si c\u00edm, panaszkezel\u00e9s:<\/strong> 8200 Veszpr\u00e9m Kossuth utca 6<\/p>\r\n<p><strong>E-mail:<\/strong> shop@ibcc.hu<\/p>\r\n<p><strong>Weboldal:<\/strong> https:\/\/shop.ibcc.hu<\/p>\r\n<h3>T\u00e1rhelyszolg\u00e1ltat\u00f3<\/h3>\r\n<p><strong>N\u00e9v:<\/strong> Lasarm Bt.<\/p>\r\n<p><strong>Levelez\u00e9si c\u00edm:<\/strong> 1192 Bp. Zalaegerszeg u. 15 I\/7<\/p>\r\n<p><strong>E-mail c\u00edm:<\/strong> molnar.sandor@lasarm.hu<\/p>\r\n<p><strong>Telefonsz\u00e1m:<\/strong> +36703172957<\/p>\r\n<h3>A webshop u\u0308zemeltet\u00e9se sor\u00e1n v\u00e9gzett adatkezel\u00e9sek le\u00edr\u00e1sa<\/h3>\r\n<h3>A cookie-k haszn\u00e1lat\u00e1val kapcsolatos t\u00e1j\u00e9koztat\u00e1s<\/h3>\r\n<p><strong>Mi az a cookie?<\/strong><\/p>\r\n<p>Az Adatkezel\u0151 a honlap l\u00e1togat\u00e1sa sor\u00e1n \u00fagynevezett cookie-kat (su\u0308tiket) haszn\u00e1l. A cookie bet\u0171b\u0151l \u00e9s sz\u00e1mokb\u00f3l\u00a0\u00e1ll\u00f3 inform\u00e1ci\u00f3csomag, amit honlapunk az \u00d6n b\u00f6ng\u00e9sz\u0151j\u00e9nek ku\u0308ld el azzal a c\u00e9llal, hogy elmentse bizonyos\u00a0be\u00e1ll\u00edt\u00e1sait, megk\u00f6nny\u00edtse a honlapunk haszn\u00e1lat\u00e1t \u00e9s k\u00f6zrem\u0171k\u00f6dik abban, hogy n\u00e9h\u00e1ny relev\u00e1ns, statisztikai\u00a0jelleg\u0171 inform\u00e1ci\u00f3t gy\u0171jtsu\u0308nk a l\u00e1togat\u00f3inkr\u00f3l.<\/p>\r\n<p>A cookie-k (su\u0308tik) egy r\u00e9sze nem tartalmaz szem\u00e9lyes inform\u00e1ci\u00f3kat, \u00e9s nem alkalmas az egy\u00e9ni felhaszn\u00e1l\u00f3\u00a0azonos\u00edt\u00e1s\u00e1ra, egy r\u00e9szu\u0308k azonban olyan egy\u00e9ni azonos\u00edt\u00f3t tartalmaz &#8211; egy titkos, v\u00e9letlenu\u0308l gener\u00e1lt sz\u00e1msort &#8211;\u00a0amelyet az \u00d6n eszk\u00f6ze t\u00e1rol, ezzel az \u00d6n azonos\u00edthat\u00f3s\u00e1g\u00e1t is biztos\u00edtja. Az egyes cookie-k (su\u0308tik) m\u0171k\u00f6d\u00e9si\u00a0id\u0151tartam\u00e1t az egyes cookie-k (su\u0308tik) vonatkoz\u00f3 le\u00edr\u00e1sa tartalmazza.<\/p>\r\n<p><strong>A cookie-k jogszab\u00e1lyi h\u00e1ttere \u00e9s jogalapja:<\/strong><\/p>\r\n<p>Az adatkezel\u00e9s jogalapja a Rendelet 6. cikk (1) bekezd\u00e9s a) pontja alapj\u00e1n az \u00d6n hozz\u00e1j\u00e1rul\u00e1sa.<\/p>\r\n<p><strong>A honlap \u00e1ltal haszn\u00e1lt cookie-k f\u0151bb jellemz\u0151i:<\/strong><\/p>\r\n<p><strong>Google Adwords cookie<\/strong> Amikor valaki megl\u00e1togatja az oldalunkat, a l\u00e1togat\u00f3 cookie-azonos\u00edt\u00f3ja hozz\u00e1ad\u00f3dik a\u00a0remarketinglist\u00e1hoz. A Google cookie-kat \u2013 p\u00e9ld\u00e1ul a NID \u00e9s SID cookie-kat \u2013 haszn\u00e1l a Google-term\u00e9kekben, \u00edgy\u00a0p\u00e9ld\u00e1ul a Google Keres\u00e9sben l\u00e1that\u00f3 hirdet\u00e9sek testreszab\u00e1s\u00e1hoz. Az ilyen cookie-kat p\u00e9ld\u00e1ul arra haszn\u00e1lja, hogy\u00a0megjegyezze az \u00d6n legut\u00f3bbi keres\u00e9seit, az egyes hirdet\u0151k hirdet\u00e9seivel vagy a keres\u00e9si eredm\u00e9nyekkel val\u00f3 kor\u00e1bbi\u00a0interakci\u00f3it, tov\u00e1bb\u00e1 a hirdet\u0151k webhelyein tett l\u00e1togat\u00e1sait. Az AdWords konverzi\u00f3k\u00f6vet\u00e9s funkci\u00f3ja cookie-kat\u00a0haszn\u00e1l. A hirdet\u00e9sb\u0151l ered\u0151 \u00e9rt\u00e9kes\u00edt\u00e9sek \u00e9s egy\u00e9b konverzi\u00f3k k\u00f6vet\u00e9s\u00e9re cookie-kat ment a felhaszn\u00e1l\u00f3\u00a0sz\u00e1m\u00edt\u00f3g\u00e9p\u00e9re, amikor az adott szem\u00e9ly egy hirdet\u00e9sre kattint. A cookie-k n\u00e9h\u00e1ny gyakori alkalmaz\u00e1si m\u00f3dja: a\u00a0hirdet\u00e9sek kiv\u00e1laszt\u00e1sa annak alapj\u00e1n, hogy mi a relev\u00e1ns az adott felhaszn\u00e1l\u00f3 eset\u00e9n, a kamp\u00e1nyok\u00a0teljes\u00edtm\u00e9ny\u00e9r\u0151l sz\u00f3l\u00f3 jelent\u00e9sek t\u00f6k\u00e9letes\u00edt\u00e9se, \u00e9s a felhaszn\u00e1l\u00f3 \u00e1ltal m\u00e1r megtekintett hirdet\u00e9sek megjelen\u00edt\u00e9s\u00e9nek\u00a0elkeru\u0308l\u00e9se.<\/p>\r\n<p><strong>Google Analytics cookie:<\/strong> A Google Analytics a Google elemz\u0151 eszk\u00f6ze, amely abban seg\u00edt a weboldalak \u00e9s\u00a0alkalmaz\u00e1sok tulajdonosainak, hogy pontosabb k\u00e9pet kapjanak l\u00e1togat\u00f3ik tev\u00e9kenys\u00e9geir\u0151l. A szolg\u00e1ltat\u00e1s cookiekat\u00a0haszn\u00e1lhat, hogy inform\u00e1ci\u00f3kat gy\u0171jts\u00f6n \u00e9s jelent\u00e9st k\u00e9sz\u00edtsen a weboldal haszn\u00e1lat\u00e1ra vonatkoz\u00f3 statisztikai\u00a0adatokb\u00f3l an\u00e9lku\u0308l, hogy egy\u00e9nileg azonos\u00edtan\u00e1 a l\u00e1togat\u00f3kat a Google sz\u00e1m\u00e1ra. A Google Analytics \u00e1ltal haszn\u00e1lt f\u0151\u00a0cookie a \u201e__ga\u201d cookie. A webhelyhaszn\u00e1lati statisztikai adatokb\u00f3l k\u00e9szu\u0308l\u0151 jelent\u00e9sek mellett a Google Analytics \u2013\u00a0az el\u0151bbiekben ismertetett n\u00e9h\u00e1ny hirdet\u00e9si cookie-val egyu\u0308tt \u2013 felhaszn\u00e1lhat\u00f3 arra is, hogy relev\u00e1nsabb\u00a0hirdet\u00e9seket jelen\u00edtsu\u0308nk meg a Google-term\u00e9kekben (p\u00e9ld\u00e1ul a Google Keres\u00e9sben) \u00e9s szerte az interneten.<\/p>\r\n<p><strong>Remarketing cookiek-k:<\/strong> A kor\u00e1bbi l\u00e1togat\u00f3k vagy felhaszn\u00e1l\u00f3k sz\u00e1m\u00e1ra a Google Display H\u00e1l\u00f3zaton tal\u00e1lhat\u00f3 egy\u00e9b\u00a0webhelyeken val\u00f3 b\u00f6ng\u00e9sz\u00e9s, illetve term\u00e9keivel vagy szolg\u00e1ltat\u00e1saival kapcsolatos kifejez\u00e9sek keres\u00e9sekor\u00a0jelenhetnek meg\u00a0<\/p>\r\n<p><strong>A m\u0171k\u00f6d\u00e9shez szigor\u00faan szu\u0308ks\u00e9ges cookie-k:<\/strong> Ezek a cookie-k a weboldal haszn\u00e1lat\u00e1hoz n\u00e9lku\u0308l\u00f6zhetetlenek, \u00e9s\u00a0lehet\u0151v\u00e9 teszik a weboldal alapvet\u0151 funkci\u00f3inak haszn\u00e1lat\u00e1t. Ezek hi\u00e1ny\u00e1ba az oldal sz\u00e1mos funkci\u00f3ja nem lesz\u00a0el\u00e9rhet\u0151 az \u00d6n sz\u00e1m\u00e1ra. Ezen t\u00edpus\u00fa cookie-k \u00e9lettartama kiz\u00e1r\u00f3lag a munkamenet idej\u00e9re korl\u00e1toz\u00f3dik.<\/p>\r\n<p><strong>A felhaszn\u00e1l\u00f3i \u00e9lm\u00e9ny jav\u00edt\u00e1s\u00e1t szolg\u00e1l\u00f3 cookie-k:<\/strong> Ezek a cookie-k inform\u00e1ci\u00f3kat gy\u0171jtenek a felhaszn\u00e1l\u00f3\u00a0weboldalhaszn\u00e1lat\u00e1r\u00f3l, p\u00e9ld\u00e1ul, hogy mely oldalakat l\u00e1togatja leggyakrabban, vagy milyen hibau\u0308zenetet kap a\u00a0weboldalr\u00f3l. Ezek a cookie-k nem gy\u0171jtenek a l\u00e1togat\u00f3t azonos\u00edt\u00f3 inform\u00e1ci\u00f3kat, vagyis teljesen \u00e1ltal\u00e1nos, n\u00e9vtelen\u00a0inform\u00e1ci\u00f3kkal dolgoznak. Az ezekb\u0151l nyert adatokat a weboldal teljes\u00edtm\u00e9ny\u00e9nek jav\u00edt\u00e1s\u00e1ra haszn\u00e1ljuk. Ezen t\u00edpus\u00fa\u00a0cookie-k \u00e9lettartama kiz\u00e1r\u00f3lag a munkamenet idej\u00e9re korl\u00e1toz\u00f3dik.<\/p>\r\n<p><strong>Munkamenet cookie:<\/strong> Ezek a su\u0308tik a l\u00e1togat\u00f3 tart\u00f3zkod\u00e1si hely\u00e9t, a b\u00f6ng\u00e9sz\u0151 nyelv\u00e9t, a fizet\u00e9s p\u00e9nznem\u00e9t t\u00e1rolj\u00e1k,\u00a0\u00e9lettartamuk a b\u00f6ng\u00e9sz\u0151 bez\u00e1r\u00e1sa, vagy maximum 2 \u00f3ra.<\/p>\r\n<p><strong>Referer cookiek:<\/strong> Azt r\u00f6gz\u00edtik, hogy a l\u00e1togat\u00f3 milyen ku\u0308ls\u0151 oldalr\u00f3l \u00e9rkezett az oldalra. \u00c9lettartamuk a b\u00f6ng\u00e9sz\u0151\u00a0bez\u00e1r\u00e1s\u00e1ig tart.<\/p>\r\n<p><strong>Utolj\u00e1ra megtekintett term\u00e9k cookie:<\/strong> R\u00f6gz\u00edti a term\u00e9keket, amiket utolj\u00e1ra megtekintett a l\u00e1togat\u00f3. \u00c9lettartamuk 60\u00a0nap.<\/p>\r\n<p><strong>Utolj\u00e1ra megtekintett kateg\u00f3ria cookie:<\/strong> R\u00f6gz\u00edtit az utolj\u00e1ra megtekintett kateg\u00f3ri\u00e1t. \u00c9lettartama 60 nap.<\/p>\r\n<p><strong>Aj\u00e1nlott term\u00e9kek cookie:<\/strong> Az \u201eaj\u00e1nlom ismer\u0151s\u00f6mnek\u201d funkci\u00f3n\u00e1l az aj\u00e1nlani k\u00edv\u00e1nt term\u00e9kek list\u00e1j\u00e1t r\u00f6gz\u00edti.\u00a0\u00c9lettartama 60 nap.<\/p>\r\n<p><strong>Mobil verzi\u00f3, design cookie:<\/strong> \u00c9rz\u00e9keli a l\u00e1togat\u00f3 haszn\u00e1lt eszk\u00f6zt, \u00e9s mobilon \u00e1tv\u00e1lt teljes n\u00e9zetre. \u00c9lettartama 365\u00a0nap.<\/p>\r\n<p><strong>Cookie elfogad\u00e1s cookie:<\/strong> Az oldalra \u00e9rkez\u00e9skor a figyelmeztet\u0151 ablakban elfogadja a cookiek t\u00e1rol\u00e1s\u00e1r\u00f3l sz\u00f3l\u00f3\u00a0nyilatkozatot. \u00c9lettartama 365 nap.<\/p>\r\n<p><strong>Kos\u00e1r cookie:<\/strong> A kos\u00e1rba helyezett term\u00e9keket r\u00f6gz\u00edti. \u00c9lettartama 365 nap.<\/p>\r\n<p><strong>Intelligens aj\u00e1nlat cookie:<\/strong> Intelligens aj\u00e1nlatok megjelen\u00edt\u00e9s\u00e9nek felt\u00e9teleit r\u00f6gz\u00edti (pl. volt-e m\u00e1r az oldalon a\u00a0l\u00e1togat\u00f3, van-e rendel\u00e9se). \u00c9lettartama 30 nap.<\/p>\r\n<p><strong>Kil\u00e9ptet\u00e9s #2 cookie:<\/strong> A #2 opci\u00f3 szerint 90 nap ut\u00e1n kil\u00e9pteti a rendszer a l\u00e1togat\u00f3t. \u00c9lettartama 90 nap.<\/p>\r\n<p><strong>Backend azonos\u00edt\u00f3 cookie:<\/strong> Az oldalt kiszolg\u00e1l\u00f3 backend szerver azonos\u00edt\u00f3ja. \u00c9lettartama a b\u00f6ng\u00e9sz\u0151 bez\u00e1r\u00e1s\u00e1ig\u00a0tart.<\/p>\r\n<p><strong>employee_login_last_email<\/strong> Bejelentkez\u00e9sn\u00e9l az emailc\u00edmet t\u00e1rolja a b\u00f6ng\u00e9sz\u0151 bez\u00e1r\u00e1s\u00e1ig.<\/p>\r\n<p><strong>Ealrm, ealem, ealpw<\/strong> Permanens bel\u00e9ptet\u00e9st biztos\u00edt. \u00c9lettartama 180 nap.<\/p>\r\n<p><strong>come_from<\/strong> Bel\u00e9ptet\u00e9s \u00e1tir\u00e1ny\u00edt\u00e1st v\u00e9gez. \u00c9lettartama 10 perc.<\/p>\r\n<p>Amennyiben \u00d6n nem fogadja el a cookie-k haszn\u00e1lat\u00e1t, akkor bizonyos funkci\u00f3k nem lesznek el\u00e9rhet\u0151ek az \u00d6nsz\u00e1m\u00e1ra. A cookie-k t\u00f6rl\u00e9s\u00e9r\u0151l b\u0151vebb t\u00e1j\u00e9koztat\u00e1st az al\u00e1bbi linkeken tal\u00e1lhat:<\/p>\r\n<ul>\r\n<li>Internet Explorer: http:\/\/windows.microsoft.com\/en-us\/internet-explorer\/delete-manage-cookies#ie=ie-11<\/li>\r\n<li>Firefox: https:\/\/support.mozilla.org\/en-US\/kb\/cookies-information-websites-store-on-your-computer<\/li>\r\n<li>Mozilla: https:\/\/support.mozilla.org\/hu\/kb\/weboldalak-altal-elhelyezett-sutik-torlese-szamito<\/li>\r\n<li>Safari: https:\/\/support.apple.com\/guide\/safari\/manage-cookies-and-website-data-sfri11471\/mac<\/li>\r\n<li>Chrome: https:\/\/support.google.com\/chrome\/answer\/95647<\/li>\r\n<li>\r\n<p>Edge: https:\/\/support.microsoft.com\/hu-hu\/help\/4027947\/microsoft-edge-delete-cookies<\/p>\r\n<\/li>\r\n<\/ul>\r\n<h3>A szerz\u0151d\u00e9sk\u00f6t\u00e9s \u00e9s teljes\u00edt\u00e9s \u00e9rdek\u00e9ben kezelt adatok<\/h3>\r\n<p>A szerz\u0151d\u00e9sk\u00f6t\u00e9s \u00e9s teljes\u00edt\u00e9s \u00e9rdek\u00e9ben t\u00f6bb adatkezel\u00e9si eset is megval\u00f3sulhat. T\u00e1j\u00e9koztatjuk, hogy\u00a0panaszkezel\u00e9ssel, garanci\u00e1lis u\u0308gyint\u00e9z\u00e9ssel kapcsolatos adatkezel\u00e9s csak abban az esetben val\u00f3sul meg, ha \u00d6n \u00e9l\u00a0valamelyik eml\u00edtett jog\u00e1val.<\/p>\r\n<p>Amennyiben a webshopon keresztu\u0308l \u00d6n nem v\u00e1s\u00e1rol, csak l\u00e1togat\u00f3ja a webshopnak, akkor a marketing c\u00e9l\u00fa\u00a0adatkezel\u00e9sn\u00e9l \u00edrtak vonatkozhatnak \u00d6nre, amennyiben marketing c\u00e9l\u00fa hozz\u00e1j\u00e1rul\u00e1st ad sz\u00e1munkra.<\/p>\r\n<p>A szerz\u0151d\u00e9sk\u00f6t\u00e9s \u00e9s teljes\u00edt\u00e9s \u00e9rdek\u00e9ben megval\u00f3sul\u00f3 adatkezel\u00e9sek r\u00e9szletesebben:<\/p>\r\n<h3>Kapcsolatfelv\u00e9tel<\/h3>\r\n<p>Ha p\u00e9ld\u00e1ul emailben, kapcsolatfelv\u00e9teli \u0171rlapon, vagy telefonon k\u00e9rd\u00e9ssel fordul hozz\u00e1nk valamely term\u00e9kkel\u00a0kapcsolatban. Az el\u0151zetes kapcsolatfelv\u00e9tel nem k\u00f6telez\u0151, ezt kihagyva is b\u00e1rmikor rendelhet a webshopb\u00f3l.<\/p>\r\n<p><strong>Kezelt adatok<\/strong><\/p>\r\n<p>Az \u00d6n \u00e1ltal a kapcsolatfelv\u00e9tel sor\u00e1n megadott adatok.<\/p>\r\n<p><strong>Az adatkezel\u00e9s id\u0151tartama<\/strong><\/p>\r\n<p>Az adatokat csak a kapcsolatfelv\u00e9tel lez\u00e1rult\u00e1ig kezelju\u0308k.<\/p>\r\n<p><strong>Az adatkezel\u00e9s jogalapja<\/strong><\/p>\r\n<p>Az \u00d6n \u00f6nk\u00e9ntes hozz\u00e1j\u00e1rul\u00e1sa, amit a kapcsolatfelv\u00e9tellel ad meg Adatkezel\u0151 sz\u00e1m\u00e1ra. [Rendelet 6. cikk (1)\u00a0bekezd\u00e9s a) pont szerinti adatkezel\u00e9s]\r\n<h3>Regisztr\u00e1ci\u00f3 a weboldalon<\/h3>\r\n<p>A regisztr\u00e1ci\u00f3 sor\u00e1n megadott adatok t\u00e1rol\u00e1s\u00e1val az Adatkezel\u0151 k\u00e9nyelmesebb szolg\u00e1ltat\u00e1st tud biztos\u00edtani (pl. az\u00a0\u00e9rintett adatait \u00fajabb v\u00e1s\u00e1rl\u00e1skor nem kell ism\u00e9t megadni) A regisztr\u00e1ci\u00f3 a szerz\u0151d\u00e9sk\u00f6t\u00e9snek nem felt\u00e9tele<\/p>\r\n<p><strong>Kezelt adatok<\/strong><\/p>\r\n<p>Az adatkezel\u00e9s sor\u00e1n az Adatkezel\u0151 az \u00d6n nev\u00e9t, lakc\u00edm\u00e9t, telefonsz\u00e1m\u00e1t, e-mail c\u00edm\u00e9t, a megv\u00e1s\u00e1rolt term\u00e9k\u00a0jellemz\u0151it \u00e9s a v\u00e1s\u00e1rl\u00e1s id\u0151pontj\u00e1t kezeli.<\/p>\r\n<p><strong>Az adatkezel\u00e9s id\u0151tartama<\/strong><\/p>\r\n<p>A hozz\u00e1j\u00e1rul\u00e1s\u00e1nak visszavon\u00e1s\u00e1ig.<\/p>\r\n<p><strong>Az adatkezel\u00e9s jogalapja<\/strong><\/p>\r\n<p>Az \u00d6n \u00f6nk\u00e9ntes hozz\u00e1j\u00e1rul\u00e1sa, amit a regisztr\u00e1ci\u00f3val ad meg az Adatkezel\u0151 sz\u00e1m\u00e1ra [Rendelet 6. cikk (1) bekezd\u00e9s\u00a0a) pont szerinti adatkezel\u00e9s]\r\n<h3>A rendel\u00e9s feldolgoz\u00e1sa<\/h3>\r\n<p>A rendel\u00e9sek feldolgoz\u00e1sa sor\u00e1n a szerz\u0151d\u00e9s teljes\u00edt\u00e9se \u00e9rdek\u00e9ben szu\u0308ks\u00e9gesek adatkezel\u00e9si tev\u00e9kenys\u00e9gek.<\/p>\r\n<p><strong>Kezelt adatok<\/strong><\/p>\r\n<p>Az adatkezel\u00e9s sor\u00e1n az Adatkezel\u0151 az \u00d6n nev\u00e9t, lakc\u00edm\u00e9t, telefonsz\u00e1m\u00e1t, e-mail c\u00edm\u00e9t, a megv\u00e1s\u00e1rolt term\u00e9k\u00a0jellemz\u0151it, a megrendel\u00e9s sz\u00e1m\u00e1t \u00e9s a v\u00e1s\u00e1rl\u00e1s id\u0151pontj\u00e1t kezeli.<\/p>\r\n<p>Amennyiben \u00d6n rendel\u00e9st adott le a webshopban, akkor az adatkezel\u00e9s \u00e9s az adatok megad\u00e1sa a szerz\u0151d\u00e9s\u00a0teljes\u00edt\u00e9s\u00e9hez elengedhetetlen.<\/p>\r\n<p><strong>Az adatkezel\u00e9s id\u0151tartama<\/strong><\/p>\r\n<p>Az adatokat a polg\u00e1ri jogi el\u00e9vu\u0308l\u00e9si id\u0151 szerint 5 \u00e9vig kezelju\u0308k.<\/p>\r\n<p><strong>Az adatkezel\u00e9s jogalapja<\/strong><\/p>\r\n<p>A szerz\u0151d\u00e9s teljes\u00edt\u00e9se. [Rendelet 6. cikk (1) bekezd\u00e9s b) pont szerinti adatkezel\u00e9s]\r\n<h3>A sz\u00e1mla ki\u00e1ll\u00edt\u00e1sa<\/h3>\r\n<p>Az adatkezel\u00e9si folyamat a jogszab\u00e1lyoknak megfelel\u0151 sz\u00e1mla ki\u00e1ll\u00edt\u00e1sa \u00e9s a sz\u00e1mviteli bizonylat-meg\u0151rz\u00e9si\u00a0k\u00f6telezetts\u00e9g teljes\u00edt\u00e9se \u00e9rdek\u00e9ben t\u00f6rt\u00e9nik. Az Sztv. 169. \u00a7 (1)-(2) bekezd\u00e9se alapj\u00e1n a gazdas\u00e1gi t\u00e1rsas\u00e1goknak a\u00a0k\u00f6nyvviteli elsz\u00e1mol\u00e1st k\u00f6zvetlenu\u0308l \u00e9s k\u00f6zvetetten al\u00e1t\u00e1maszt\u00f3 sz\u00e1mviteli bizonylatot meg kell \u0151rizniu\u0308k.<\/p>\r\n<p><strong>Kezelt adatok<\/strong><\/p>\r\n<p>N\u00e9v, c\u00edm, e-mail c\u00edm, telefonsz\u00e1m.<\/p>\r\n<p><strong>Az adatkezel\u00e9s id\u0151tartama<\/strong><\/p>\r\n<p>A ki\u00e1ll\u00edtott sz\u00e1ml\u00e1kat az Sztv. 169. \u00a7 (2) bekezd\u00e9se alapj\u00e1n a sz\u00e1mla ki\u00e1ll\u00edt\u00e1s\u00e1t\u00f3l sz\u00e1m\u00edtott 8 \u00e9vig meg kell \u0151rizni.<\/p>\r\n<p><strong>Az adatkezel\u00e9s jogalapja<\/strong><\/p>\r\n<p>Az \u00e1ltal\u00e1nos forgalmi ad\u00f3r\u00f3l sz\u00f3l\u00f3 2007. \u00e9vi CXXVII. 159. \u00a7 (1) bekezd\u00e9se alapj\u00e1n a sz\u00e1mla kibocs\u00e1t\u00e1sa k\u00f6telez\u0151 \u00e9s\u00a0azt sz\u00e1mvitelr\u0151l sz\u00f3l\u00f3 2000. \u00e9vi C. t\u00f6rv\u00e9ny 169. \u00a7 (2) bekezd\u00e9se alapj\u00e1n 8 \u00e9vig kell meg\u0151rizni [Rendelet 6. cikk (1)\u00a0bekezd\u00e9s c) pont szerinti adatkezel\u00e9s].<\/p>\r\n<h3>Az \u00e1rusz\u00e1ll\u00edt\u00e1shoz kapcsol\u00f3d\u00f3 adatkezel\u00e9s<\/h3>\r\n<p>Az adatkezel\u00e9si folyamat a megrendelt term\u00e9k kisz\u00e1ll\u00edt\u00e1sa \u00e9rdek\u00e9ben t\u00f6rt\u00e9nik.<\/p>\r\n<p><strong>Kezelt adatok<\/strong><\/p>\r\n<p>N\u00e9v, c\u00edm, e-mail c\u00edm, telefonsz\u00e1m.<\/p>\r\n<p><strong>Az adatkezel\u00e9s id\u0151tartama<\/strong><\/p>\r\n<p>Az Adatkezel\u0151 az adatokat a megrendelt \u00e1ru kisz\u00e1ll\u00edt\u00e1s\u00e1nak id\u0151tartam\u00e1ig kezeli.<\/p>\r\n<p><strong>Az adatkezel\u00e9s jogalapja<\/strong><\/p>\r\n<p>Szerz\u0151d\u00e9s teljes\u00edt\u00e9se [Rendelet 6. cikk (1) bekezd\u00e9s b) pont szerinti adatkezel\u00e9s].<\/p>\r\n<h3>Az \u00e1rusz\u00e1ll\u00edt\u00e1shoz kapcsol\u00f3d\u00f3 adatkezel\u00e9sek c\u00edmzettjei, adatfeldolgoz\u00f3i<\/h3>\r\n<p><strong>A c\u00edmzett megnevez\u00e9se:<\/strong> DPD Hung\u00e1ria Kft.<\/p>\r\n<p><strong>Az c\u00edmzett sz\u00e9khelye:<\/strong> 1158 Budapest, K\u00e9sm\u00e1rk utca 14. B. \u00e9p.<\/p>\r\n<p><strong>Az c\u00edmzett telefonsz\u00e1ma:<\/strong> +36-1\/501-6200<\/p>\r\n<p><strong>Az c\u00edmzett e-mail c\u00edme:<\/strong> dpd@dpd.hu<\/p>\r\n<p><strong>Az c\u00edmzett weboldala:<\/strong>https:\/\/www.dpd.com\/hu\/<\/p>\r\n<p>A fut\u00e1rszolg\u00e1lat az Adatkezel\u0151vel k\u00f6t\u00f6tt szerz\u0151d\u00e9s alapj\u00e1n k\u00f6zrem\u0171k\u00f6dik a megrendelt \u00e1ru kisz\u00e1ll\u00edt\u00e1s\u00e1ban. A\u00a0fut\u00e1rszolg\u00e1lat a megkapott szem\u00e9lyes adatokat a weboldal\u00e1n el\u00e9rhet\u0151 adatkezel\u00e9si t\u00e1j\u00e9koztat\u00f3ban foglaltak szerint\u00a0kezeli.<\/p>\r\n<h3>Szavatoss\u00e1gi \u00e9s j\u00f3t\u00e1ll\u00e1si ig\u00e9nyek kezel\u00e9se<\/h3>\r\n<p>A szavatoss\u00e1gi \u00e9s j\u00f3t\u00e1ll\u00e1si ig\u00e9nyeket a 19\/2014. (IV. 29.) NGM rendelet szab\u00e1lyai szerint kell elj\u00e1rnunk, amely\u00a0meghat\u00e1rozza azt is, hogy mik\u00e9nt kell az ig\u00e9ny\u00e9t kezelnu\u0308nk.<\/p>\r\n<p><strong>Kezelt adatok<\/strong><\/p>\r\n<p>A szavatoss\u00e1gi \u00e9s j\u00f3t\u00e1ll\u00e1si ig\u00e9nyek kezel\u00e9sekor a 19\/2014. (IV. 29.) NGM rendelet szab\u00e1lyai szerint kell elj\u00e1rnunk.\u00a0A rendelet alapj\u00e1n a n\u00e1lunk bejelentett szavatoss\u00e1gi vagy j\u00f3t\u00e1ll\u00e1si ig\u00e9ny\u00e9r\u0151l jegyz\u0151k\u00f6nyvet vagyunk k\u00f6telesek\u00a0felvenni, amelyben r\u00f6gz\u00edtju\u0308k:<\/p>\r\n<p>a. az \u00d6n nev\u00e9t, c\u00edm\u00e9t, valamint nyilatkozat\u00e1t arr\u00f3l, hogy hozz\u00e1j\u00e1rul a jegyz\u0151k\u00f6nyvben r\u00f6gz\u00edtett adatainak a\u00a0rendeletben meghat\u00e1rozottak szerinti kezel\u00e9s\u00e9hez,<\/p>\r\n<p>b. az \u00d6n \u00e9s k\u00f6z\u00f6ttu\u0308nk l\u00e9trej\u00f6tt szerz\u0151d\u00e9s keret\u00e9ben eladott ing\u00f3 dolog megnevez\u00e9s\u00e9t, v\u00e9tel\u00e1r\u00e1t,<\/p>\r\n<p>c. a szerz\u0151d\u00e9s teljes\u00edt\u00e9s\u00e9nek id\u0151pontj\u00e1t,<\/p>\r\n<p>d. a hiba bejelent\u00e9s\u00e9nek id\u0151pontj\u00e1t,<\/p>\r\n<p>e. a hiba le\u00edr\u00e1s\u00e1t,<\/p>\r\n<p>f. szavatoss\u00e1gi vagy j\u00f3t\u00e1ll\u00e1si ig\u00e9nye alapj\u00e1n az \u00d6n \u00e1ltal \u00e9rv\u00e9nyes\u00edteni k\u00edv\u00e1nt jogot, tov\u00e1bb\u00e1<\/p>\r\n<p>g. a szavatoss\u00e1gi vagy j\u00f3t\u00e1ll\u00e1si ig\u00e9ny rendez\u00e9s\u00e9nek m\u00f3dj\u00e1t vagy az ig\u00e9ny, illetve az az alapj\u00e1n \u00e9rv\u00e9nyes\u00edteni\u00a0k\u00edv\u00e1nt jog elutas\u00edt\u00e1s\u00e1nak indok\u00e1t.<\/p>\r\n<p>Amennyiben \u00d6nt\u0151l a megv\u00e1s\u00e1rolt term\u00e9ket \u00e1tvesszu\u0308k, err\u0151l \u00e1tv\u00e9teli elismerv\u00e9nyt kell ki\u00e1ll\u00edtanunk, amelyen fel kell\u00a0tu\u0308ntetni<\/p>\r\n<p>a. az \u00d6n nev\u00e9t \u00e9s c\u00edm\u00e9t,<\/p>\r\n<p>b. a dolog azonos\u00edt\u00e1s\u00e1hoz szu\u0308ks\u00e9ges adatokat,<\/p>\r\n<p>c. a dolog \u00e1tv\u00e9tel\u00e9nek id\u0151pontj\u00e1t, tov\u00e1bb\u00e1<\/p>\r\n<p>d. azt az id\u0151pontot, amikor \u00d6n a kijav\u00edtott dolgot \u00e1tveheti.<\/p>\r\n<p><strong>Az adatkezel\u00e9s id\u0151tartama<\/strong><\/p>\r\n<p>A v\u00e1llalkoz\u00e1s a fogyaszt\u00f3 szavatoss\u00e1gi vagy j\u00f3t\u00e1ll\u00e1si ig\u00e9ny\u00e9r\u0151l felvett jegyz\u0151k\u00f6nyvet az annak felv\u00e9tel\u00e9t\u0151l sz\u00e1m\u00edtott\u00a0h\u00e1rom \u00e9vig k\u00f6teles meg\u0151rizni, \u00e9s azt az ellen\u0151rz\u0151 hat\u00f3s\u00e1g k\u00e9r\u00e9s\u00e9re bemutatni.<\/p>\r\n<p><strong>Az adatkezel\u00e9s jogalapja<\/strong><\/p>\r\n<p>Az adatkezel\u00e9s jogalapja a 19\/2014. (IV. 29.) NGM rendelet [4. \u00a7 (1) bekezd\u00e9s \u00e9s 6. \u00a7 (1) bekezd\u00e9s] szerinti jogi\u00a0k\u00f6telezetts\u00e9geknek val\u00f3 megfelel\u00e9s [Rendelet 6. cikk (1) bekezd\u00e9s c) pont szerinti adatkezel\u00e9s].<\/p>\r\n<h3>Egy\u00e9b fogyaszt\u00f3v\u00e9delmi panaszok kezel\u00e9se<\/h3>\r\n<p>Az adatkezel\u00e9si folyamat a fogyaszt\u00f3v\u00e9delmi panaszok kezel\u00e9se \u00e9rdek\u00e9ben t\u00f6rt\u00e9nik. Amennyiben \u00d6n panasszal\u00a0fordult hozz\u00e1nk, akkor az adatkezel\u00e9s \u00e9s az adatok megad\u00e1sa elengedhetetlen.<\/p>\r\n<p><strong>Kezelt adatok<\/strong><\/p>\r\n<p>V\u00e1s\u00e1rl\u00f3 neve, telefonsz\u00e1ma, email c\u00edme, panasz tartalma.<\/p>\r\n<p><strong>Az adatkezel\u00e9s id\u0151tartama<\/strong><\/p>\r\n<p>A garanci\u00e1lis panaszokat a fogyaszt\u00f3v\u00e9delemr\u0151l sz\u00f3l\u00f3 t\u00f6rv\u00e9ny alapj\u00e1n 3 \u00e9vig \u0151rizzu\u0308k meg.<\/p>\r\n<p><strong>Az adatkezel\u00e9s jogalapja<\/strong><\/p>\r\n<p>Az, hogy hozz\u00e1nk fordul-e panasszal az \u00d6n \u00f6nk\u00e9ntes d\u00f6nt\u00e9se, azonban ha hozz\u00e1nk fordul, a fogyaszt\u00f3v\u00e9delemr\u0151l\u00a0sz\u00f3l\u00f3 1997. \u00e9vi CLV. t\u00f6rv\u00e9ny 17\/A. \u00a7 (7) bekezd\u00e9se alapj\u00e1n 5 \u00e9vig k\u00f6teles vagyunk a panaszt meg\u0151rizni [Rendelet 6.\u00a0cikk (1) bekezd\u00e9s c) pont szerinti adatkezel\u00e9s].<\/p>\r\n<h3>A hozz\u00e1j\u00e1rul\u00e1s igazolhat\u00f3s\u00e1g\u00e1val kapcsolatban kezelt adatok<\/h3>\r\n<p>A regisztr\u00e1ci\u00f3, megrendel\u00e9s, h\u00edrlev\u00e9lre t\u00f6rt\u00e9n\u0151 feliratkoz\u00e1s sor\u00e1n az informatikai rendszer elt\u00e1rolja a hozz\u00e1j\u00e1rul\u00e1ssal\u00a0kapcsolatos informatikai adatokat a k\u00e9s\u0151bbi bizony\u00edthat\u00f3s\u00e1g \u00e9rdek\u00e9ben.<\/p>\r\n<p><strong>Kezelt adatok<\/strong><\/p>\r\n<p>A hozz\u00e1j\u00e1rul\u00e1s id\u0151pontja \u00e9s az \u00e9rintett IP c\u00edme.<\/p>\r\n<p><strong>Az adatkezel\u00e9s id\u0151tartama<\/strong><\/p>\r\n<p>A jogszab\u00e1lyi el\u0151\u00edr\u00e1sok miatt a hozz\u00e1j\u00e1rul\u00e1st k\u00e9s\u0151bb igazolni kell tudni, ez\u00e9rt az adatt\u00e1rol\u00e1s id\u0151tartama az\u00a0adatkezel\u00e9s megsz\u0171n\u00e9s\u00e9t k\u00f6vet\u0151 el\u00e9vu\u0308l\u00e9si ideig keru\u0308l t\u00e1rol\u00e1sra.<\/p>\r\n<p><strong>Az adatkezel\u00e9s jogalapja<\/strong><\/p>\r\n<p>A Rendelet 7. cikk (1) bekezd\u00e9se \u00edrja el\u0151 ezt a k\u00f6telezetts\u00e9get. [Rendelet 6. cikk (1) bekezd\u00e9s c) pont szerinti\u00a0adatkezel\u00e9s]\r\n<h3>Marketing c\u00e9l\u00fa adatkezel\u00e9sek<\/h3>\r\n<h4>A h\u00edrlev\u00e9l-ku\u0308ld\u00e9ssel kapcsolatos adatkezel\u00e9s<\/h4>\r\n<p>Az adatkezel\u00e9si folyamat a h\u00edrlevelek kiku\u0308ld\u00e9se \u00e9rdek\u00e9ben t\u00f6rt\u00e9nik.<\/p>\r\n<p><strong>Kezelt adatok<\/strong><\/p>\r\n<p>N\u00e9v, c\u00edm, e-mail c\u00edm, telefonsz\u00e1m.<\/p>\r\n<p><strong>Az adatkezel\u00e9s id\u0151tartama<\/strong><\/p>\r\n<p>Az \u00e9rintett hozz\u00e1j\u00e1rul\u00e1s\u00e1nak visszavon\u00e1s\u00e1ig.<\/p>\r\n<p><strong>Az adatkezel\u00e9s jogalapja<\/strong><\/p>\r\n<p>Az \u00d6n \u00f6nk\u00e9ntes hozz\u00e1j\u00e1rul\u00e1sa, ami a h\u00edrlev\u00e9lre t\u00f6rt\u00e9n\u0151 feliratkoz\u00e1ssal ad meg az Adatkezel\u0151 sz\u00e1m\u00e1ra [Rendelet 6.\u00a0cikk (1) bekezd\u00e9s a) pont szerinti adatkezel\u00e9s]\r\n<h3>A szem\u00e9lyre szabott rekl\u00e1mok ku\u0308ld\u00e9s\u00e9vel \u00e9s megjelen\u00edt\u00e9s\u00e9vel kapcsolatos\u00a0adatkezel\u00e9s<\/h3>\r\n<p>Az adatkezel\u00e9si folyamat az \u00e9rintett \u00e9rdekl\u0151d\u00e9si k\u00f6r\u00e9nek megfelel\u0151 tartalm\u00fa rekl\u00e1mtartalom kiku\u0308ld\u00e9s\u00e9nek\u00a0\u00e9rdek\u00e9ben t\u00f6rt\u00e9nik..<\/p>\r\n<p><strong>Kezelt adatok<\/strong><\/p>\r\n<p>N\u00e9v, c\u00edm, e-mail c\u00edm, telefonsz\u00e1m.<\/p>\r\n<p><strong>Az adatkezel\u00e9s id\u0151tartama<\/strong><\/p>\r\n<p>A hozz\u00e1j\u00e1rul\u00e1s\u00e1nak visszavon\u00e1s\u00e1ig.<\/p>\r\n<p><strong>Az adatkezel\u00e9s jogalapja<\/strong><\/p>\r\n<p>Az \u00d6n \u00f6nk\u00e9ntes, ku\u0308l\u00f6n hozz\u00e1j\u00e1rul\u00e1sa, amit az adat felv\u00e9tel sor\u00e1n ad meg az Adatkezel\u0151 sz\u00e1m\u00e1ra [Rendelet 6. cikk\u00a0(1) bekezd\u00e9s a) pont szerinti adatkezel\u00e9s]\r\n<h3>Remarketing<\/h3>\r\n<p>Az adatkezel\u00e9s mint remarketing tev\u00e9kenys\u00e9g cookie-k seg\u00edts\u00e9g\u00e9vel val\u00f3sul meg.<\/p>\r\n<p><strong>Kezelt adatok<\/strong><\/p>\r\n<p>A cookie t\u00e1j\u00e9koztat\u00f3ban meghat\u00e1rozott cookiek \u00e1ltal kezelt adatok.<\/p>\r\n<p><strong>Az adatkezel\u00e9s id\u0151tartama<\/strong><\/p>\r\n<p>Az adott cookie adatt\u00e1rol\u00e1si id\u00f6tartama, b\u0151vebb inform\u00e1ci\u00f3 el\u00e9rhet\u0151 itt:<\/p>\r\n<p>Google \u00e1ltal\u00e1nos cookie t\u00e1j\u00e9koztat\u00f3:\u00a0https:\/\/www.google.com\/policies\/technologies\/types\/<\/p>\r\n<p>Google Analitycs t\u00e1j\u00e9koztat\u00f3:\u00a0https:\/\/developers.google.com\/analytics\/devguides\/collection\/analyticsjs\/cookie-usage?hl=hu<\/p>\r\n<p>Facebook t\u00e1j\u00e9koztat\u00f3:\u00a0https:\/\/www.facebook.com\/ads\/preferences\/?entry_product=ad_settings_screen<\/p>\r\n<p>Az adott cookie adatt\u00e1rol\u00e1si idtartama, b\u0151vebb inform\u00e1ci\u00f3 el\u00e9rhet\u0151 itt:<\/p>\r\n<p>Google \u00e1ltal\u00e1nos cooki t\u00e1j\u00e9koztat\u00f3: https:\/\/www.google.com\/policies\/technologies\/types\/<\/p>\r\n<p>Google Analitycs t\u00e1j\u00e9koztat\u00f3: https:\/\/developers.google.com\/analytics\/devguides\/collection\/analyticsjs\/cookieusage?hl=hu<\/p>\r\n<p><strong>Az adatkezel\u00e9s jogalapja<\/strong><\/p>\r\n<p>Az \u00d6n \u00f6nk\u00e9ntes hozz\u00e1j\u00e1rul\u00e1sa, amit a honlap haszn\u00e1lat\u00e1val ad meg Adatkezel\u0151 sz\u00e1m\u00e1ra [Rendelet 6. cikk (1)\u00a0bekezd\u00e9s a) pont szerinti adatkezel\u00e9s].<\/p>\r\n<h3>Nyerem\u00e9nyj\u00e1t\u00e9k<\/h3>\r\n<p>Az adatkezel\u00e9si folyamat a nyerem\u00e9nyj\u00e1t\u00e9k lebonyol\u00edt\u00e1sa \u00e9rdek\u00e9ben t\u00f6rt\u00e9nik.<\/p>\r\n<p><strong>Kezelt adatok<\/strong><\/p>\r\n<p>N\u00e9v, email c\u00edm, telefonsz\u00e1m.<\/p>\r\n<p><strong>Az adatkezel\u00e9s id\u0151tartama<\/strong><\/p>\r\n<p>Az adatok a nyerem\u00e9nyj\u00e1t\u00e9k lez\u00e1r\u00e1s\u00e1t k\u00f6vet\u0151en t\u00f6rl\u00e9sre keru\u0308lnek, kiv\u00e9ve a nyertes adatai, amelyeket a sz\u00e1mvitelr\u0151l\u00a0sz\u00f3l\u00f3 t\u00f6rv\u00e9ny alapj\u00e1n 8 \u00e9vig k\u00f6teles az Adatkezel\u0151 meg\u0151rizni.<\/p>\r\n<p><strong>Az adatkezel\u00e9s jogalapja<\/strong><\/p>\r\n<p>Az \u00d6n \u00f6nk\u00e9ntes hozz\u00e1j\u00e1rul\u00e1sa, amit a honlap haszn\u00e1lat\u00e1val ad meg Adatkezel\u0151 sz\u00e1m\u00e1ra. [Rendelet 6. cikk (1)\u00a0bekezd\u00e9s a) pont szerinti adatkezel\u00e9s]\r\n<h3>Tov\u00e1bbi adatkezel\u00e9sek<\/h3>\r\n<p>Amennyiben az Adatkezel\u0151 tov\u00e1bbi adatkezel\u00e9st k\u00edv\u00e1n v\u00e9gezni, akkor el\u0151zetes t\u00e1j\u00e9koztatat\u00e1st ny\u00fajt az adatkezel\u00e9s\u00a0l\u00e9nyeges k\u00f6ru\u0308lm\u00e9nyeir\u0151l (adatkezel\u00e9s jogszab\u00e1lyi h\u00e1ttere \u00e9s jogalapja, az adatkezel\u00e9s c\u00e9lja, a kezelt adatok k\u00f6re, az\u00a0adatkezel\u00e9s id\u0151tartama).<\/p>\r\n<p>T\u00e1j\u00e9koztatjuk \u00d6nt arr\u00f3l, hogy a hat\u00f3s\u00e1gok t\u00f6rv\u00e9nyi felhatalmaz\u00e1son alapul\u00f3, \u00edr\u00e1sbeli adatk\u00e9r\u00e9seit az Adatkezel\u0151nekteljes\u00edtenie kell. Az Adatkezel\u0151 az adattov\u00e1bb\u00edt\u00e1sokr\u00f3l az Infotv. 15. \u00a7 (2)-(3) bekezd\u00e9s\u00e9vel \u00f6sszhangban\u00a0nyilv\u00e1ntart\u00e1st vezet (mely hat\u00f3s\u00e1gnak, milyen szem\u00e9lyes adatot, milyen jogalapon, mikor tov\u00e1bb\u00edtott az Adatkezel\u0151),\u00a0amelynek tartalm\u00e1r\u00f3l k\u00e9r\u00e9s\u00e9re az Adatkezel\u0151 t\u00e1j\u00e9koztat\u00e1st ny\u00fajt, kiv\u00e9ve, ha a t\u00e1j\u00e9koztat\u00e1s\u00e1t t\u00f6rv\u00e9ny kiz\u00e1rja.<\/p>\r\n<h3>A szem\u00e9lyes adatok c\u00edmzettjei<\/h3>\r\n<h4>A szem\u00e9lyes adatok t\u00e1rol\u00e1s\u00e1ra ir\u00e1nyul\u00f3 adatfeldolgoz\u00e1s<\/h4>\r\n<p><strong>Az adatfeldolgoz\u00f3 megnevez\u00e9se:<\/strong> Lasarm Bt.<\/p>\r\n<p><strong>Az adatfeldolgoz\u00f3 el\u00e9rhet\u0151s\u00e9gei:<\/strong><\/p>\r\n<p><strong>Telefonsz\u00e1m:<\/strong> +36703172957<\/p>\r\n<p><strong>E-mail c\u00edm:<\/strong> molnar.sandor@lasarm.hu<\/p>\r\n<p><strong>Sz\u00e9khely:<\/strong> 1192 Bp. Zalaegerszeg u. 15 I\/7<\/p>\r\n<p><strong>Weboldal:<\/strong> www.lasarm.hu<\/p>\r\n<p>Az Adatfeldolgoz\u00f3 az Adatkezel\u0151vel k\u00f6t\u00f6tt szerz\u0151d\u00e9s alapj\u00e1n a szem\u00e9lyes adatok t\u00e1rol\u00e1s\u00e1t v\u00e9gzi. A szem\u00e9lyes\u00a0adatok megismer\u00e9s\u00e9re nem jogosult.<\/p>\r\n<h3>H\u00edrlev\u00e9lku\u0308ld\u00e9ssel \u00f6sszefu\u0308gg\u0151 adatfeldolgoz\u00f3i tev\u00e9kenys\u00e9g<\/h3>\r\n<p><strong>H\u00edrlev\u00e9lku\u0308ld\u0151 rendszert u\u0308zemeltet\u0151 c\u00e9g neve:<\/strong> The Rocket Science Group LLC.<\/p>\r\n<p><strong>H\u00edrlev\u00e9lku\u0308ld\u0151 rendszert u\u0308zemeltet\u0151 c\u00e9g sz\u00e9khelye:<\/strong> 675 Ponce de Leon Ave NE, Suite 5000, Atlanta, GA 30308 USA<\/p>\r\n<p><strong>H\u00edrlev\u00e9lku\u0308ld\u0151 rendszert u\u0308zemeltet\u0151 c\u00e9g telefonsz\u00e1ma:<\/strong><\/p>\r\n<p><strong>H\u00edrlev\u00e9lku\u0308ld\u0151 rendszert u\u0308zemeltet\u0151 c\u00e9g e-mail c\u00edme:<\/strong> privacy@mailchimp.com<\/p>\r\n<p><strong>H\u00edrlev\u00e9lku\u0308ld\u0151 rendszert u\u0308zemeltet\u0151 c\u00e9g weboldala:<\/strong> mailchimp.com<\/p>\r\n<p>Az Adatfeldolgoz\u00f3 az Adatkezel\u0151vel k\u00f6t\u00f6tt szerz\u0151d\u00e9s alapj\u00e1n k\u00f6zrem\u0171k\u00f6dik a h\u00edrlevelek kiku\u0308ld\u00e9s\u00e9ben. Ennek sor\u00e1n\u00a0az Adatfeldolgoz\u00f3 az \u00e9rintett nev\u00e9t \u00e9s e-mail c\u00edm\u00e9t a h\u00edrlev\u00e9lku\u0308d\u00e9shez szu\u0308ks\u00e9ges m\u00e9rt\u00e9kben kezeli.<\/p>\r\n<h3>K\u00f6nyvel\u00e9ssel kapcsolatos adatkezel\u00e9s<\/h3>\r\n<p><strong>Az adatfeldolgoz\u00f3 megnevez\u00e9se:<\/strong> ECO-KVART Kft.<\/p>\r\n<p><strong>Az adatfeldolgoz\u00f3 sz\u00e9khelye:<\/strong> 1123 Budapest, K\u00e9k Goly\u00f3 utca 2. a \u00e9p. I. em. 2.<\/p>\r\n<p><strong>Az adatfeldolgoz\u00f3 telefonsz\u00e1ma:<\/strong> +361 487 6080<\/p>\r\n<p><strong>Az adatfeldolgoz\u00f3 e-mail c\u00edme:<\/strong> ecokvart@ecokvart.hu<\/p>\r\n<p><strong>Az adatfeldolgoz\u00f3 weboldala:<\/strong> http:\/\/www.pretax.hu<\/p>\r\n<p>Az Adatfeldolgoz\u00f3 az Adatkezel\u0151vel k\u00f6t\u00f6tt \u00edr\u00e1sbeli szerz\u0151d\u00e9s alapj\u00e1n k\u00f6zrem\u0171k\u00f6dik a sz\u00e1mlviteli bizonylatok\u00a0k\u00f6nyvel\u00e9s\u00e9ben. Ennek sor\u00e1n az Adatfeldolgoz\u00f3 az \u00e9rintett nev\u00e9t \u00e9s c\u00edm\u00e9t a sz\u00e1mviteli nyilv\u00e1ntart\u00e1shoz szu\u0308ks\u00e9ges\u00a0m\u00e9rt\u00e9kben, a Sztv. 169. \u00a7 (2) bekezd\u00e9s\u00e9nek megfelel\u0151 id\u0151tartamban kezeli, ezt k\u00f6vet\u0151en halad\u00e9ktalanul t\u00f6rli.<\/p>\r\n<h3>Az adatkezel\u00e9s sor\u00e1n \u00d6nt megillet\u0151 jogok<\/h3>\r\n<p>Az adatkezel\u00e9s id\u0151tartam\u00e1n belu\u0308l \u00d6nt a Rendelet el\u0151\u00edr\u00e1sai szerint az al\u00e1bbi jogok illetik meg:<\/p>\r\n<ul>\r\n<li>a hozz\u00e1j\u00e1rul\u00e1s visszavon\u00e1s\u00e1nak joga<\/li>\r\n<li>szem\u00e9lyes adatokhoz \u00e9s az adatkezel\u00e9ssel kapcsolatos inform\u00e1ci\u00f3khoz val\u00f3 hozz\u00e1f\u00e9r\u00e9s\u00a0helyesb\u00edt\u00e9shez val\u00f3 jog<\/li>\r\n<li>adatkezel\u00e9s korl\u00e1toz\u00e1sa,<\/li>\r\n<li>t\u00f6rl\u00e9shez val\u00f3 jog<\/li>\r\n<li>tiltakoz\u00e1shoz val\u00f3 jog<\/li>\r\n<li>hordozhat\u00f3s\u00e1ghoz val\u00f3 jog.<\/li>\r\n<\/ul>\r\n<p>Amennyiben \u00d6n jogaival \u00e9lni k\u00edv\u00e1n, az az \u00d6n azonos\u00edt\u00e1s\u00e1val j\u00e1r egyu\u0308tt, valamint az Adatkezel\u0151nek \u00d6nnel\u00a0szu\u0308ks\u00e9gszer\u0171en kommunik\u00e1lnia kell. Ez\u00e9rt az azonos\u00edt\u00e1s \u00e9rdek\u00e9ben szem\u00e9lyes adatok megad\u00e1s\u00e1ra lesz szu\u0308ks\u00e9g\u00a0(de az azonos\u00edt\u00e1s csak olyan adaton alapulhat, amelyet Adatkezel\u0151 egy\u00e9bk\u00e9nt is kezel \u00d6nr\u0151l), valamint az\u00a0Adatkezel\u0151 email fi\u00f3kj\u00e1ban el\u00e9rhet\u0151ek lesz az \u00d6n adatkezel\u00e9ssel kapcsolatos panasza a jelen t\u00e1j\u00e9koztat\u00f3ban, a\u00a0panaszokkal kapcsolatban megjel\u00f6lt id\u0151tartamon belu\u0308l. Amennyiben \u00d6n v\u00e1s\u00e1rl\u00f3nk volt \u00e9s panaszu\u0308gyint\u00e9z\u00e9s, vagy\u00a0garanci\u00e1lis u\u0308gyint\u00e9z\u00e9s \u00e9rdek\u00e9ben szeretn\u00e9 mag\u00e1t azonos\u00edtani, az azonos\u00edt\u00e1shoz k\u00e9rju\u0308k adja meg rendel\u00e9si\u00a0azonos\u00edt\u00f3j\u00e1t is. Ennek felhaszn\u00e1l\u00e1s\u00e1val \u00d6nt, mint v\u00e1s\u00e1rl\u00f3t is be tudjuk azonos\u00edtani.\u00a0Az adatkezel\u00e9ssel kapcsolatos panaszokat legk\u00e9s\u0151bb 30 napon belu\u0308l v\u00e1laszolja meg Adatkezel\u0151.<\/p>\r\n<p><strong>A hozz\u00e1j\u00e1rul\u00e1s visszavon\u00e1s\u00e1nak joga<\/strong><\/p>\r\n<p>\u00d6n b\u00e1rmikor jogosult az adatkezel\u00e9shez adott hozz\u00e1j\u00e1rul\u00e1st visszavonni, ilyen esetben a megadott adatokat\u00a0rendszereinkb\u0151l t\u00f6r\u00f6lju\u0308k. K\u00e9rju\u0308k azonban vegye figyelembe, hogy a m\u00e9g nem teljes\u00edtett megrendel\u00e9s eset\u00e9n a\u00a0visszavon\u00e1s azzal a k\u00f6vetkezm\u00e9nnyel j\u00e1rhat, hogy nem tudjuk \u00d6n fel\u00e9 teljes\u00edteni a kisz\u00e1ll\u00edt\u00e1st. Emellett, ha a v\u00e1s\u00e1rl\u00e1s\u00a0m\u00e1r megval\u00f3sult, a sz\u00e1mviteli el\u0151\u00edr\u00e1sok alapj\u00e1n a sz\u00e1ml\u00e1z\u00e1ssal kapcsolatos adatokat nem t\u00f6r\u00f6lhetju\u0308k\u00a0rendszereinkb\u0151l, valamint ha \u00d6nnek tartoz\u00e1sa \u00e1ll fenn fel\u00e9nk, akkor a k\u00f6vetel\u00e9s behajt\u00e1s\u00e1val kapcsolatos jogos\u00a0\u00e9rdek alapj\u00e1n adatait a hozz\u00e1j\u00e1rul\u00e1s visszavon\u00e1sa eset\u00e9n is kezelhetju\u0308k.<\/p>\r\n<p><strong>A szem\u00e9lyes adatokhoz val\u00f3 hozz\u00e1f\u00e9r\u00e9s<\/strong><\/p>\r\n<p>\u00d6n jogosult arra, hogy az Adatkezel\u0151t\u0151l visszajelz\u00e9st kapjon arra vonatkoz\u00f3an, hogy szem\u00e9lyes adatainak kezel\u00e9se\u00a0folyamatban van-e, \u00e9s ha adatkezel\u00e9s folyamatban van, jogosult arra, hogy:<\/p>\r\n<ol>\r\n<li>a kezelt szem\u00e9lyes adatokhoz hozz\u00e1f\u00e9r\u00e9st kapjon \u00e9s<\/li>\r\n<li>a k\u00f6vetkez\u0151 inform\u00e1ci\u00f3kr\u00f3l az Adatkezel\u0151 t\u00e1j\u00e9koztassa:<\/li>\r\n<\/ol>\r\n<ul>\r\n<li>\u00a0 az adatkezel\u00e9s c\u00e9ljai;<\/li>\r\n<li>\u00a0az \u00d6nr\u0151l kezelt szem\u00e9lyes adatok kateg\u00f3ri\u00e1i;<\/li>\r\n<li>inform\u00e1ci\u00f3 azon c\u00edmzettekr\u0151l vagy c\u00edmzettek kateg\u00f3ri\u00e1ir\u00f3l, akikkel, illetve amelyekkel a szem\u00e9lyes\u00a0adatokat Adatkezel\u0151 k\u00f6z\u00f6lte vagy k\u00f6z\u00f6lni fogja;<\/li>\r\n<li>a szem\u00e9lyes adatok t\u00e1rol\u00e1s\u00e1nak tervezett id\u0151tartama, vagy ha ez nem lehets\u00e9ges, ezen id\u0151tartam\u00a0meghat\u00e1roz\u00e1s\u00e1nak szempontjai;<\/li>\r\n<li>az \u00d6n azon joga, hogy k\u00e9relmezheti az Adatkezel\u0151t\u0151l az \u00d6nre vonatkoz\u00f3 szem\u00e9lyes adatok\u00a0helyesb\u00edt\u00e9s\u00e9t, t\u00f6rl\u00e9s\u00e9t vagy kezel\u00e9s\u00e9nek korl\u00e1toz\u00e1s\u00e1t, \u00e9s jogos \u00e9rdeken alapul\u00f3 adatkezel\u00e9s eset\u00e9n\u00a0tiltakozhat az ilyen szem\u00e9lyes adatok kezel\u00e9se ellen;<\/li>\r\n<li>a felu\u0308gyeleti hat\u00f3s\u00e1ghoz c\u00edmzett panasz beny\u00fajt\u00e1s\u00e1nak joga;<\/li>\r\n<li>ha az adatokat nem \u00d6nt\u0151l gy\u0171jt\u00f6tt\u00e9k be, a forr\u00e1sukra vonatkoz\u00f3 minden el\u00e9rhet\u0151 inform\u00e1ci\u00f3;<\/li>\r\n<li>az automatiz\u00e1lt d\u00f6nt\u00e9shozatal t\u00e9ny\u00e9r\u0151l (ha alkalmazott ilyen elj\u00e1r\u00e1s), ide\u00e9rtve a profilalkot\u00e1st is,\u00a0valamint legal\u00e1bb ezekben az esetekben az alkalmazott logik\u00e1ra \u00e9s arra vonatkoz\u00f3an \u00e9rthet\u0151\u00a0inform\u00e1ci\u00f3kat, hogy az ilyen adatkezel\u00e9s milyen jelent\u0151s\u00e9ggel, \u00e9s \u00d6nre n\u00e9zve milyen v\u00e1rhat\u00f3\u00a0k\u00f6vetkezm\u00e9nyekkel b\u00edr.<\/li>\r\n<\/ul>\r\n<p>A jog gyakorl\u00e1s\u00e1nak c\u00e9lja az adatkezel\u00e9s jogszer\u0171s\u00e9g\u00e9nek meg\u00e1llap\u00edt\u00e1s\u00e1ra \u00e9s ellen\u0151rz\u00e9s\u00e9re ir\u00e1nyulhat, ez\u00e9rt\u00a0t\u00f6bbsz\u00f6ri t\u00e1j\u00e9koztat\u00e1s k\u00e9r\u00e9s eset\u00e9n Adatkezel\u0151 m\u00e9lt\u00e1nyos k\u00f6lts\u00e9gt\u00e9r\u00edt\u00e9st sz\u00e1molhat fel a t\u00e1j\u00e9koztat\u00e1s teljes\u00edt\u00e9s\u00e9\u00e9rt cser\u00e9be.<\/p>\r\n<p>A szem\u00e9lyes adatokhoz val\u00f3 hozz\u00e1f\u00e9r\u00e9st Adatkezel\u0151 \u00fagy biztos\u00edtja, hogy az \u00d6n azonos\u00edt\u00e1s\u00e1t k\u00f6vet\u0151en emailben\u00a0juttatja el \u00d6nh\u00f6z a kezelt szem\u00e9lyes adatokat \u00e9s az inform\u00e1ci\u00f3kat. Amennyiben regisztr\u00e1ci\u00f3val rendelkezik, akkor a\u00a0hozz\u00e1f\u00e9r\u00e9st \u00fagy biztos\u00edtjuk, hogy a felhaszn\u00e1l\u00f3i fi\u00f3kj\u00e1ba bel\u00e9pve tudja az \u00d6nr\u0151l kezelt szem\u00e9lyes adatokat\u00a0megtekinteni \u00e9s ellen\u0151rizni.<\/p>\r\n<p>K\u00e9rju\u0308k, hogy k\u00e9relm\u00e9ben jel\u00f6lje meg, hogy a szem\u00e9lyes adatokhoz k\u00e9r hozz\u00e1f\u00e9r\u00e9st, vagy az adatkezel\u00e9ssel\u00a0kapcsolatos inform\u00e1ci\u00f3kat k\u00e9ri.<\/p>\r\n<p><strong>Helyesb\u00edt\u00e9shez val\u00f3 jog<\/strong><\/p>\r\n<p>\u00d6n jogosult arra, hogy k\u00e9r\u00e9s\u00e9re Adatkezel\u0151 k\u00e9sedelem n\u00e9lku\u0308l helyesb\u00edtse az \u00d6nre vonatkoz\u00f3 pontatlan szem\u00e9lyes\u00a0adatokat.<\/p>\r\n<p><strong>Adatkezel\u00e9s korl\u00e1toz\u00e1s\u00e1hoz val\u00f3 jog<\/strong><\/p>\r\n<p>\u00d6n jogosult arra, hogy k\u00e9r\u00e9s\u00e9re Adatkezel\u0151 korl\u00e1tozza az adatkezel\u00e9st, ha az al\u00e1bbiak valamelyike teljesu\u0308l:<\/p>\r\n<ul>\r\n<li>\u00d6n vitatja a szem\u00e9lyes adatok pontoss\u00e1g\u00e1t, ez esetben a korl\u00e1toz\u00e1s arra az id\u0151tartamra vonatkozik, amely\u00a0lehet\u0151v\u00e9 teszi, hogy Adatkezel\u0151 ellen\u0151rizze a szem\u00e9lyes adatok pontoss\u00e1g\u00e1t, ha a pontos adat azonnal\u00a0meg\u00e1llap\u00edthat\u00f3, akkor nem keru\u0308l sor a korl\u00e1toz\u00e1sra;<\/li>\r\n<li>az adatkezel\u00e9s jogellenes, de \u00d6n ellenzi az adatok t\u00f6rl\u00e9s\u00e9t b\u00e1rmely okb\u00f3l (p\u00e9ld\u00e1ul az\u00e9rt mert az \u00d6n sz\u00e1m\u00e1ra\u00a0jogi ig\u00e9ny \u00e9rv\u00e9nyes\u00edt\u00e9se miatt fontosak az adatok), ez\u00e9rt nem az adatok t\u00f6rl\u00e9s\u00e9t k\u00e9ri, hanem ehelyett k\u00e9ri\u00a0azok felhaszn\u00e1l\u00e1s\u00e1nak korl\u00e1toz\u00e1s\u00e1t;<\/li>\r\n<li>az Adatkezel\u0151nek m\u00e1r nincs szu\u0308ks\u00e9ge a szem\u00e9lyes adatokra a megjel\u00f6lt adatkezel\u00e9s c\u00e9lj\u00e1b\u00f3l, de \u00d6n ig\u00e9nyli azokat jogi ig\u00e9nyek el\u0151terjeszt\u00e9s\u00e9hez, \u00e9rv\u00e9nyes\u00edt\u00e9s\u00e9hez vagy v\u00e9delm\u00e9hez; vagy<\/li>\r\n<li>\r\n<p>\u00d6n tiltakozott az adatkezel\u00e9s ellen, de Adatkezel\u0151 jogos \u00e9rdeke is megalapozhatja az adatkezel\u00e9st, ez\u00a0esetben am\u00edg meg\u00e1llap\u00edt\u00e1sra nem keru\u0308l, hogy Adatkezel\u0151 jogos indokai els\u0151bbs\u00e9get \u00e9lveznek-e az \u00d6n jogos\u00a0indokaival szemben, az adatkezel\u00e9st korl\u00e1tozni kell.<\/p>\r\n<\/li>\r\n<\/ul>\r\n<p>Ha az adatkezel\u00e9s korl\u00e1toz\u00e1s al\u00e1 esik, az ilyen szem\u00e9lyes adatokat a t\u00e1rol\u00e1s kiv\u00e9tel\u00e9vel csak az \u00e9rintett\u00a0hozz\u00e1j\u00e1rul\u00e1s\u00e1val, vagy jogi ig\u00e9nyek el\u0151terjeszt\u00e9s\u00e9hez, \u00e9rv\u00e9nyes\u00edt\u00e9s\u00e9hez vagy v\u00e9delm\u00e9hez, vagy m\u00e1s term\u00e9szetes\u00a0vagy jogi szem\u00e9ly jogainak v\u00e9delme \u00e9rdek\u00e9ben, vagy az Uni\u00f3, illetve valamely tag\u00e1llam fontos k\u00f6z\u00e9rdek\u00e9b\u0151l lehet\u00a0kezelni.<\/p>\r\n<p>Adatkezel\u0151 az adatkezel\u00e9s korl\u00e1toz\u00e1s\u00e1nak felold\u00e1s\u00e1r\u00f3l el\u0151zetesen (legal\u00e1bb a korl\u00e1toz\u00e1s felold\u00e1s\u00e1t megel\u0151z\u0151 3\u00a0munkanappal) t\u00e1j\u00e9koztatja \u00d6nt.<\/p>\r\n<p><strong>T\u00f6rl\u00e9shez &#8211; elfeledtet\u00e9shez val\u00f3 jog<\/strong><\/p>\r\n<p>\u00d6n jogosult arra, hogy Adatkezel\u0151 indokolatlan k\u00e9sedelem n\u00e9lku\u0308l t\u00f6r\u00f6lje az \u00d6nre vonatkoz\u00f3 szem\u00e9lyes adatokat, ha\u00a0az al\u00e1bbi indokok valamelyike fenn\u00e1ll:<\/p>\r\n<ul>\r\n<li>a szem\u00e9lyes adatokra m\u00e1r nincs szu\u0308ks\u00e9g abb\u00f3l a c\u00e9lb\u00f3l, amelyb\u0151l azokat Adatkezel\u0151 gy\u0171jt\u00f6tte vagy m\u00e1s\u00a0m\u00f3don kezelte;<\/li>\r\n<li>\u00d6n visszavonja hozz\u00e1j\u00e1rul\u00e1s\u00e1t \u00e9s az adatkezel\u00e9snek nincs m\u00e1s jogalapja;<\/li>\r\n<li>\u00d6n tiltakozik a jogos \u00e9rdeken alapul\u00f3 adatkezel\u00e9s ellen, \u00e9s nincs els\u0151bbs\u00e9get \u00e9lvez\u0151 jogszer\u0171 ok (azaz jogos\u00a0\u00e9rdek) az adatkezel\u00e9sre,<\/li>\r\n<li>a szem\u00e9lyes adatokat Adatkezel\u0151 jogellenesen kezelte \u00e9s ez a panasz alapj\u00e1n meg\u00e1llap\u00edt\u00e1st nyert,<\/li>\r\n<li>a szem\u00e9lyes adatokat az Adatkezel\u0151re alkalmazand\u00f3 uni\u00f3s vagy tag\u00e1llami jogban el\u0151\u00edrt jogi k\u00f6telezetts\u00e9g\u00a0teljes\u00edt\u00e9s\u00e9hez t\u00f6r\u00f6lni kell.<\/li>\r\n<\/ul>\r\n<p>Ha az Adatkezel\u0151 b\u00e1rmely jogszer\u0171 okn\u00e1l fogva nyilv\u00e1noss\u00e1gra hozta az \u00d6nr\u0151l kezelt szem\u00e9lyes adatot, \u00e9s b\u00e1rmely\u00a0fent megjel\u00f6lt okb\u00f3l t\u00f6r\u00f6lni k\u00f6teles azt, az el\u00e9rhet\u0151 technol\u00f3gia \u00e9s a megval\u00f3s\u00edt\u00e1s k\u00f6lts\u00e9geinek figyelembev\u00e9tel\u00e9vel\u00a0k\u00f6teles megtenni az \u00e9szszer\u0171en elv\u00e1rhat\u00f3 l\u00e9p\u00e9seket \u2013 ide\u00e9rtve technikai int\u00e9zked\u00e9seket \u2013 annak \u00e9rdek\u00e9ben, hogy\u00a0t\u00e1j\u00e9koztassa az adatokat kezel\u0151 m\u00e1s adatkezel\u0151ket, hogy \u00d6n k\u00e9relmezte a sz\u00f3ban forg\u00f3 szem\u00e9lyes adatokra\u00a0mutat\u00f3 linkek vagy e szem\u00e9lyes adatok m\u00e1solat\u00e1nak, illetve m\u00e1sodp\u00e9ld\u00e1ny\u00e1nak t\u00f6rl\u00e9s\u00e9t.<\/p>\r\n<p>A t\u00f6rl\u00e9s nem alkalmazand\u00f3, amennyiben az adatkezel\u00e9s szu\u0308ks\u00e9ges:<\/p>\r\n<ul>\r\n<li>a v\u00e9lem\u00e9nynyilv\u00e1n\u00edt\u00e1s szabads\u00e1g\u00e1hoz \u00e9s a t\u00e1j\u00e9koz\u00f3d\u00e1shoz val\u00f3 jog gyakorl\u00e1sa c\u00e9lj\u00e1b\u00f3l;<\/li>\r\n<li>a szem\u00e9lyes adatok kezel\u00e9s\u00e9t el\u0151\u00edr\u00f3, az adatkezel\u0151re alkalmazand\u00f3 uni\u00f3s vagy tag\u00e1llami jog szerintik\u00f6telezetts\u00e9g teljes\u00edt\u00e9se (ilyen eset a sz\u00e1ml\u00e1z\u00e1s keret\u00e9ben megval\u00f3sul\u00f3 adatkezel\u00e9s, mivel a sz\u00e1mla\u00a0meg\u0151rz\u00e9s\u00e9t jogszab\u00e1ly \u00edrja el\u0151), illetve k\u00f6z\u00e9rdekb\u0151l vagy az adatkezel\u0151re ruh\u00e1zott k\u00f6zhatalmi jogos\u00edtv\u00e1ny\u00a0gyakorl\u00e1sa keret\u00e9ben v\u00e9gzett feladat v\u00e9grehajt\u00e1sa c\u00e9lj\u00e1b\u00f3l;<\/li>\r\n<li>jogi ig\u00e9nyek el\u0151terjeszt\u00e9s\u00e9hez, \u00e9rv\u00e9nyes\u00edt\u00e9s\u00e9hez, illetve v\u00e9delm\u00e9hez (pl.: ha Adatkezel\u0151nek \u00d6n fel\u00e9\u00a0k\u00f6vetel\u00e9se \u00e1ll fenn \u00e9s azt m\u00e9g nem teljes\u00edtette, vagy fogyaszt\u00f3i, adatkezel\u00e9si panasz int\u00e9z\u00e9se van\u00a0folyamatban).<\/li>\r\n<\/ul>\r\n<p><strong>Tiltakoz\u00e1shoz val\u00f3 jog<\/strong><\/p>\r\n<p>\u00d6n jogosult arra, hogy a saj\u00e1t helyzet\u00e9vel kapcsolatos okokb\u00f3l b\u00e1rmikor tiltakozzon szem\u00e9lyes adatainak jogos\u00a0\u00e9rdeken alapul\u00f3 kezel\u00e9se ellen. Ebben az esetben Adatkezel\u0151 a szem\u00e9lyes adatokat nem kezelheti tov\u00e1bb, kiv\u00e9ve, ha\u00a0az bizony\u00edtja, hogy az adatkezel\u00e9st olyan k\u00e9nyszer\u00edt\u0151 erej\u0171 jogos okok indokolj\u00e1k, amelyek els\u0151bbs\u00e9get \u00e9lveznek az\u00a0\u00d6n \u00e9rdekeivel, jogaival \u00e9s szabads\u00e1gaival szemben, vagy amelyek jogi ig\u00e9nyek el\u0151terjeszt\u00e9s\u00e9hez, \u00e9rv\u00e9nyes\u00edt\u00e9s\u00e9hez\u00a0vagy v\u00e9delm\u00e9hez kapcsol\u00f3dnak.<\/p>\r\n<p>Ha a szem\u00e9lyes adatok kezel\u00e9se k\u00f6zvetlen u\u0308zletszerz\u00e9s \u00e9rdek\u00e9ben t\u00f6rt\u00e9nik, \u00d6n jogosult arra, hogy b\u00e1rmikor\u00a0tiltakozzon az \u00d6nre vonatkoz\u00f3 szem\u00e9lyes adatok e c\u00e9lb\u00f3l t\u00f6rt\u00e9n\u0151 kezel\u00e9se ellen, ide\u00e9rtve a profilalkot\u00e1st is,\u00a0amennyiben az a k\u00f6zvetlen u\u0308zletszerz\u00e9shez kapcsol\u00f3dik. Ha \u00d6n tiltakozik a szem\u00e9lyes adatok k\u00f6zvetlen\u00a0u\u0308zletszerz\u00e9s \u00e9rdek\u00e9ben t\u00f6rt\u00e9n\u0151 kezel\u00e9se ellen, akkor a szem\u00e9lyes adatok a tov\u00e1bbiakban e c\u00e9lb\u00f3l nem kezelhet\u0151k.<\/p>\r\n<p><strong>Hordozhat\u00f3s\u00e1ghoz val\u00f3 jog<\/strong><\/p>\r\n<p>Amennyiben az adatkezel\u00e9s automatiz\u00e1lt m\u00f3don val\u00f3sul meg, vagy ha az adatkezel\u00e9s az \u00d6n \u00f6nk\u00e9ntes\u00a0hozz\u00e1j\u00e1rul\u00e1s\u00e1n alapul, \u00d6nnek joga van arra, hogy k\u00e9rje Adatkezel\u0151t\u0151l, hogy az \u00d6n \u00e1ltal az Adatkezel\u0151 r\u00e9sz\u00e9re\u00a0megadott adatokat megkapja, amit Adatkezel\u0151 xml, JSON, vagy csv form\u00e1tumban bocs\u00e1t az \u00d6n rendelkez\u00e9s\u00e9re, ha\u00a0ez technikailag megval\u00f3s\u00edthat\u00f3, akkor k\u00e9rheti, hogy az Adatkezel\u0151 az adatokat ebben a form\u00e1ban m\u00e1s adatkezel\u0151\u00a0sz\u00e1m\u00e1ra tov\u00e1bb\u00edtsa.<\/p>\r\n<p><strong>Automatiz\u00e1lt d\u00f6nt\u00e9shozatal<\/strong><\/p>\r\n<p>\u00d6n jogosult arra, hogy ne terjedjen ki \u00d6nre az olyan, kiz\u00e1r\u00f3lag automatiz\u00e1lt adatkezel\u00e9sen alapul\u00f3 d\u00f6nt\u00e9s hat\u00e1lya\u00a0(ide\u00e9rtve a profilalkot\u00e1st is), amely \u00d6nre n\u00e9zve joghat\u00e1ssal j\u00e1rna vagy \u00d6nt hasonl\u00f3k\u00e9ppen jelent\u0151s m\u00e9rt\u00e9kben\u00a0\u00e9rinten\u00e9. Ezekben az esetekben Adatkezel\u0151 k\u00f6teles megfelel\u0151 int\u00e9zked\u00e9seket tenni az \u00e9rintett jogainak,\u00a0szabads\u00e1gainak \u00e9s jogos \u00e9rdekeinek v\u00e9delme \u00e9rdek\u00e9ben, ide\u00e9rtve az \u00e9rintettnek legal\u00e1bb azt a jog\u00e1t, hogy az\u00a0adatkezel\u0151 r\u00e9sz\u00e9r\u0151l emberi beavatkoz\u00e1st k\u00e9rjen, \u00e1ll\u00e1spontj\u00e1t kifejezze, \u00e9s a d\u00f6nt\u00e9ssel szemben kifog\u00e1st ny\u00fajtson\u00a0be.<\/p>\r\n<p><strong>A fentiek nem alkalmazand\u00f3ak abban az esetben, ha a d\u00f6nt\u00e9s:<\/strong><\/p>\r\n<ul>\r\n<li>\u00d6n \u00e9s az adatkezel\u0151 k\u00f6z\u00f6tti szerz\u0151d\u00e9s megk\u00f6t\u00e9se vagy teljes\u00edt\u00e9se \u00e9rdek\u00e9ben szu\u0308ks\u00e9ges;<\/li>\r\n<li>meghozatal\u00e1t az adatkezel\u0151re alkalmazand\u00f3 olyan uni\u00f3s vagy tag\u00e1llami jog teszi lehet\u0151v\u00e9, amely \u00d6n\u00a0jogainak \u00e9s szabads\u00e1gainak, valamint jogos \u00e9rdekeinek v\u00e9delm\u00e9t szolg\u00e1l\u00f3 megfelel\u0151 int\u00e9zked\u00e9seket is\u00a0meg\u00e1llap\u00edt; vagy<\/li>\r\n<li>az \u00d6n kifejezett hozz\u00e1j\u00e1rul\u00e1s\u00e1n alapul.<\/li>\r\n<\/ul>\r\n<h3>Adatv\u00e9delmi nyilv\u00e1ntart\u00e1sba t\u00f6rt\u00e9n\u0151 bejelentkez\u00e9s<\/h3>\r\n<p>Az Infotv. rendelkez\u00e9sei \u00e9rtelm\u00e9ben az Adatkezel\u0151nek bizonyos adatkezel\u00e9seit be kellett jelentenie az adatv\u00e9delmi\u00a0nyilv\u00e1ntart\u00e1sba. Ez a bejelent\u00e9si k\u00f6telezetts\u00e9g 2018. m\u00e1jus 25. napj\u00e1val megsz\u0171nt.<\/p>\r\n<h3>Adatbiztons\u00e1gi int\u00e9zked\u00e9sek<\/h3>\r\n<p>Az Adatkezel\u0151 kijelenti, hogy megfelel\u0151 biztons\u00e1gi int\u00e9zked\u00e9seket hozott annak \u00e9rdek\u00e9ben, hogy a szem\u00e9lyes\u00a0adatok v\u00e9dje a jogosulatlan hozz\u00e1f\u00e9r\u00e9s, megv\u00e1ltoztat\u00e1s, tov\u00e1bb\u00edt\u00e1s, nyilv\u00e1noss\u00e1gra hozatal, t\u00f6rl\u00e9s vagy\u00a0megsemmis\u00edt\u00e9s, valamint a v\u00e9letlen megsemmisu\u0308l\u00e9s \u00e9s s\u00e9ru\u0308l\u00e9s, tov\u00e1bb\u00e1 az alkalmazott technika megv\u00e1ltoz\u00e1s\u00e1b\u00f3l\u00a0fakad\u00f3 hozz\u00e1f\u00e9rhetetlenn\u00e9 v\u00e1l\u00e1s ellen.<\/p>\r\n<p>Az Adatkezel\u0151 a szervezeti \u00e9s technikai lehet\u0151s\u00e9gekhez k\u00e9pest mindent megtesz annak \u00e9rdek\u00e9ben, hogy\u00a0adatfeldolgoz\u00f3i is megfelel\u0151 adatbiztons\u00e1gi int\u00e9zked\u00e9seket tegyenek, amikor az \u00d6n szem\u00e9lyes adataival dolgoznak.<\/p>\r\n<h3>Jogorvoslati lehet\u0151s\u00e9gek<\/h3>\r\n<p>Amennyiben \u00d6n szerint az Adatkezel\u0151 megs\u00e9rtette valamely, az adatkezel\u00e9sre vonatkoz\u00f3 t\u00f6rv\u00e9nyi rendelkez\u00e9st, vagy\u00a0nem teljes\u00edtette valamely k\u00e9relm\u00e9t, akkor v\u00e9lelmezett jogellenes adatkezel\u00e9s megszu\u0308ntet\u00e9se \u00e9rdek\u00e9ben a Nemzeti\u00a0Adatv\u00e9delmi \u00e9s Inform\u00e1ci\u00f3szabads\u00e1g Hat\u00f3s\u00e1g vizsg\u00e1lati elj\u00e1r\u00e1s\u00e1t kezdem\u00e9nyezheti (levelez\u00e9si c\u00edm: 1363 Budapest,\u00a0Pf. 9., e-mail: ugyfelszolgalat@naih.hu).<\/p>\r\n<p>T\u00e1j\u00e9koztatjuk emellett arr\u00f3l is, hogy az adatkezel\u00e9sre vonatkoz\u00f3 t\u00f6rv\u00e9nyi rendelkez\u00e9sek megs\u00e9rt\u00e9se eset\u00e9n, vagy ha\u00a0az Adatkezel\u0151 nem teljes\u00edtette valamely k\u00e9relm\u00e9t, akkor az Adatkezel\u0151vel szemben polg\u00e1ri pert ind\u00edthat b\u00edr\u00f3s\u00e1g\u00a0el\u0151tt.<\/p>\r\n<h3>Adatkezel\u00e9si t\u00e1j\u00e9koztat\u00f3 m\u00f3dos\u00edt\u00e1sa<\/h3>\r\n<p>Az Adatkezel\u0151 fenntartja a jogot, hogy jelen adatkezel\u00e9si t\u00e1j\u00e9koztat\u00f3t az adatkezel\u00e9s c\u00e9lj\u00e1t \u00e9s jogalapj\u00e1t nem \u00e9rint\u0151\u00a0m\u00f3don m\u00f3dos\u00edtsa. A honlap m\u00f3dos\u00edt\u00e1s hat\u00e1lybal\u00e9p\u00e9s\u00e9t k\u00f6vet\u0151 haszn\u00e1lat\u00e1val elfogadja a m\u00f3dos\u00edtott adatkezel\u00e9si\u00a0t\u00e1j\u00e9koztat\u00f3t.<\/p>\r\n<p>Amennyiben az Adatkezel\u0151 a gy\u0171jt\u00f6tt adatokkal kapcsolatban a gy\u0171jt\u00e9su\u0308k c\u00e9lj\u00e1t\u00f3l elt\u00e9r\u0151 c\u00e9lb\u00f3l tov\u00e1bbi adatkezel\u00e9st\u00a0k\u00edv\u00e1n v\u00e9gezni a tov\u00e1bbi adatkezel\u00e9st megel\u0151z\u0151en t\u00e1j\u00e9koztatja \u00d6nt az adatkezel\u00e9s c\u00e9lj\u00e1r\u00f3l \u00e9s az al\u00e1bbi\u00a0inform\u00e1ci\u00f3kr\u00f3l:<\/p>\r\n<ul>\r\n<li>a szem\u00e9lyes adatok t\u00e1rol\u00e1s\u00e1nak id\u0151tartam\u00e1r\u00f3l, vagy ha ez nem lehets\u00e9ges, akkor az id\u0151tartam\u00a0meghat\u00e1roz\u00e1s\u00e1nak szempontjair\u00f3l;<\/li>\r\n<li>azon jog\u00e1r\u00f3l, hogy k\u00e9relmezheti az Adatkezel\u0151t\u0151l az \u00d6nre vonatkoz\u00f3 szem\u00e9lyes adatokhoz val\u00f3 hozz\u00e1f\u00e9r\u00e9st,\u00a0azok helyesb\u00edt\u00e9s\u00e9t, t\u00f6rl\u00e9s\u00e9t vagy kezel\u00e9s\u00e9nek korl\u00e1toz\u00e1s\u00e1t, \u00e9s jogos \u00e9rdeken alapul\u00f3 adatkezel\u00e9s eset\u00e9n\u00a0tiltakozhat a szem\u00e9lyes adatok kezel\u00e9se ellen, valamint a hozz\u00e1j\u00e1rul\u00e1son, vagy szerz\u0151d\u00e9ses kapcsolaton\u00a0alapul\u00f3 adatkezel\u00e9s eset\u00e9n k\u00e9rheti az adathordozhat\u00f3s\u00e1ghoz val\u00f3 jog biztos\u00edt\u00e1s\u00e1t;<\/li>\r\n<li>hozz\u00e1j\u00e1rul\u00e1son alapul\u00f3 adatkezel\u00e9s eset\u00e9n arr\u00f3l, hogy a hozz\u00e1j\u00e1rul\u00e1st \u00d6n b\u00e1rmikor visszavonhatja,<\/li>\r\n<li>a felu\u0308gyeleti hat\u00f3s\u00e1ghoz c\u00edmzett panasz beny\u00fajt\u00e1s\u00e1nak jog\u00e1r\u00f3l;<\/li>\r\n<li>arr\u00f3l, hogy a szem\u00e9lyes adat szolg\u00e1ltat\u00e1sa jogszab\u00e1lyon vagy szerz\u0151d\u00e9ses k\u00f6telezetts\u00e9gen alapul vagy\u00a0szerz\u0151d\u00e9s k\u00f6t\u00e9s\u00e9nek el\u0151felt\u00e9tele-e, valamint hogy az \u00d6n k\u00f6teles-e a szem\u00e9lyes adatokat megadni, tov\u00e1bb\u00e1\u00a0hogy milyen lehets\u00e9ges k\u00f6vetkezm\u00e9nyeikkel j\u00e1rhat az adatszolg\u00e1ltat\u00e1s elmarad\u00e1sa;<\/li>\r\n<li>az automatiz\u00e1lt d\u00f6nt\u00e9shozatal t\u00e9ny\u00e9r\u0151l (ha alkalmazott ilyen elj\u00e1r\u00e1s), ide\u00e9rtve a profilalkot\u00e1st is, valamint\u00a0legal\u00e1bb ezekben az esetekben az alkalmazott logik\u00e1ra \u00e9s arra vonatkoz\u00f3an \u00e9rthet\u0151 inform\u00e1ci\u00f3kat, hogy az\u00a0ilyen adatkezel\u00e9s milyen jelent\u0151s\u00e9ggel, \u00e9s \u00d6nre n\u00e9zve milyen v\u00e1rhat\u00f3 k\u00f6vetkezm\u00e9nyekkel b\u00edr.<\/li>\r\n<\/ul>\r\n<p>Az adatkezel\u00e9s csak ezt k\u00f6vet\u0151en kezd\u0151dhet meg, amennyiben az adatkezel\u00e9s jogalapja hozz\u00e1j\u00e1rul\u00e1s, az\u00a0adatkezel\u00e9shez a t\u00e1j\u00e9koztat\u00e1son felu\u0308l \u00d6nnek hozz\u00e1 is kell j\u00e1rulnia.<\/p>\r\n<p>A jelen dokumentum a webshop m\u0171k\u00f6d\u00e9s\u00e9vel kapcsolatban minden relev\u00e1ns adatkezel\u00e9si inform\u00e1ci\u00f3t tartalmaz az\u00a0Eur\u00f3pai Uni\u00f3 2016\/679 sz\u00e1m\u00fa \u00c1ltal\u00e1nos Adatv\u00e9delmi Rendelete (a tov\u00e1bbiakban: Rendelet. GDPR) \u00e9s a 2011. \u00e9vi\u00a0CXII. tv. (a tov\u00e1bbiakban: Infotv.) alapj\u00e1n.<\/p>\r\n\r\n\r\n\r\n\r\n\r\n\r\n\r\n<h2 class=\"wp-block-heading\">S\u00fctik<\/h2>\r\n\r\n\r\n\r\n<p>&nbsp;<\/p>\r\n\r\n\r\n\r\n<p>Ha ell\u00e1togatunk a bejelentkez\u00e9si oldalra, akkor \u00e1tmeneti s\u00fctiket \u00e1ll\u00edtunk be annak \u00e9rdek\u00e9ben, hogy meg\u00e1llap\u00edtsuk, hogy a b\u00f6ng\u00e9sz\u0151 elfogadja-e a s\u00fctiket. Ezek a s\u00fctik nem tartalmaznak szem\u00e9lyes inform\u00e1ci\u00f3t, \u00e9s t\u00f6rl\u0151dnek, ahogy bez\u00e1rjuk a b\u00f6ng\u00e9sz\u0151t.<\/p>\r\n\r\n\r\n\r\n<p>A honlapra t\u00f6rt\u00e9n\u0151 bejelentkez\u00e9skor t\u00f6bb s\u00fctit hozunk l\u00e9tre, amely elmenti a bejelentkez\u00e9si inform\u00e1ci\u00f3t \u00e9s a szerkeszt\u0151fel\u00fclet megjelen\u00edt\u00e9si opci\u00f3it. A bejelentkez\u00e9si s\u00fctik k\u00e9t napig \u00e9rv\u00e9nyesek, a szerkeszt\u0151fel\u00fclet megjelen\u00edt\u00e9si opci\u00f3it t\u00e1rol\u00f3 s\u00fcti egy \u00e9vig. Amennyiben az &#8222;Eml\u00e9kezz r\u00e1m&#8221; opci\u00f3t bejel\u00f6lj\u00fck, a bejelentkez\u00e9s k\u00e9t h\u00e9tig folytat\u00f3dik. Kijelentkez\u00e9skor a bejelentkez\u00e9si s\u00fctik elt\u00e1vol\u00edt\u00e1sra ker\u00fclnek.<\/p>\r\n\r\n\r\n\r\n<p>Amennyiben bejegyz\u00e9st vagy oldalt szerkeszt\u00fcnk, egy \u00fajabb s\u00fctit t\u00e1rol el a b\u00f6ng\u00e9sz\u0151nk. Ez a s\u00fcti nem tartalmaz szem\u00e9lyes adatot, egyszer\u0171en csak a bejegyz\u00e9s azonos\u00edt\u00f3 sz\u00e1m\u00e1t t\u00e1rolja, amelyet szerkesztett\u00fcnk. Egy nap m\u00falva j\u00e1r le az \u00e9rv\u00e9nyess\u00e9ge.<\/p>\r\n\r\n\r\n\r\n<h2 class=\"wp-block-heading\">M\u00e1s honlapokr\u00f3l sz\u00e1rmaz\u00f3 be\u00e1gyazott tartalmak<\/h2>\r\n\r\n\r\n\r\n<p>A honlapon el\u00e9rhet\u0151 bejegyz\u00e9sek k\u00fcls\u0151 forr\u00e1sb\u00f3l sz\u00e1rmaz\u00f3 be\u00e1gyazott tartalmakat (pl. vide\u00f3k, k\u00e9pek, cikkek stb.) haszn\u00e1lhatnak. A k\u00fcls\u0151 forr\u00e1sb\u00f3l sz\u00e1rmaz\u00f3 be\u00e1gyazott tartalmak pontosan \u00fagy viselkednek, mintha megl\u00e1togattunk volna egy m\u00e1sik honlapot.<\/p>\r\n\r\n\r\n\r\n<p>Ezek a webhelyek lehets\u00e9ges, hogy adatot gy\u0171jtenek a l\u00e1togat\u00f3kr\u00f3l, s\u00fctiket vagy harmadik f\u00e9lt\u0151l sz\u00e1rmaz\u00f3 k\u00f6vet\u0151k\u00f3dot haszn\u00e1lnak, figyelik a be\u00e1gyazott tartalommal kapcsolatos felhaszn\u00e1l\u00f3i viselked\u00e9st, ha rendelkez\u00fcnk felhaszn\u00e1l\u00f3i fi\u00f3kkal \u00e9s be vagyunk jelentkezve az oldalra.<\/p>\r\n\r\n\r\n\r\n<h2 class=\"wp-block-heading\">Kivel osztjuk meg a felhaszn\u00e1l\u00f3i adatokat<\/h2>\r\n\r\n\r\n\r\n<p>Ha jelsz\u00f3-vissza\u00e1ll\u00edt\u00e1st k\u00e9r, akkor az IP-c\u00edmet a vissza\u00e1ll\u00edt\u00f3 e-mail tartalmazza.<\/p>\r\n\r\n\r\n\r\n<h2 class=\"wp-block-heading\">Mennyi ideig \u0151rizz\u00fck a szem\u00e9lyes adatot<\/h2>\r\n\r\n\r\n\r\n<p>Ha hozz\u00e1sz\u00f3lunk, a hozz\u00e1sz\u00f3l\u00e1s \u00e9s annak metaadatai nem meghat\u00e1rozhat\u00f3 ideig a rendszerben maradnak. Ennek c\u00e9lja, hogy az \u00f6sszes ezt k\u00f6vet\u0151 b\u00e1rmely hozz\u00e1sz\u00f3l\u00e1s \u00e1ltalunk megismertt\u00e9 \u00e9s j\u00f3v\u00e1hagyott\u00e1 v\u00e1ljon, azaz ne ker\u00fclj\u00f6n fel a moder\u00e1land\u00f3 hozz\u00e1sz\u00f3l\u00e1sok list\u00e1j\u00e1ra.<\/p>\r\n\r\n\r\n\r\n<p>A honlapon regisztr\u00e1lt felhaszn\u00e1l\u00f3k (ha vannak ilyenek) szem\u00e9lyes adatai a saj\u00e1t felhaszn\u00e1l\u00f3i profiljukban is t\u00e1rol\u00e1sra ker\u00fclnek. Minden felhaszn\u00e1l\u00f3 megtekintheti, szerkesztheti vagy t\u00f6r\u00f6lheti a szem\u00e9lyes adatait b\u00e1rmikor (kiv\u00e9ve, hogy nem v\u00e1ltoztathatja meg a saj\u00e1t felhaszn\u00e1l\u00f3i nev\u00e9t). A honlap rendszergazd\u00e1i ezen inform\u00e1ci\u00f3kat szint\u00e9n megtekinthetik \u00e9s szerkeszthetik.<\/p>\r\n\r\n\r\n\r\n<h2 class=\"wp-block-heading\">Milyen jogokkal rendelkezik a felhaszn\u00e1l\u00f3 a saj\u00e1t adatai kapcs\u00e1n<\/h2>\r\n\r\n\r\n\r\n<p>A weboldalon regisztr\u00e1lt fi\u00f3k vagy hozz\u00e1sz\u00f3l\u00e1s \u00edr\u00e1sa eset\u00e9n k\u00e9rhet\u0151 a szem\u00e9lyes adatok export f\u00e1jlban t\u00f6rt\u00e9n\u0151 megk\u00fcld\u00e9se, amely b\u00e1rmilyen adatot tartalmaz, amit kor\u00e1bban a felhaszn\u00e1l\u00f3 rendelkez\u00e9s\u00fcnkre bocs\u00e1tott. K\u00e9rhet\u0151 tov\u00e1bb\u00e1, hogy b\u00e1rmilyen kor\u00e1bban megadott szem\u00e9lyes adatot t\u00f6r\u00f6lj\u00fck. Ez nem vonatkozik azokra az adatokra, amelyeket adminisztr\u00e1ci\u00f3s, jogi vagy biztons\u00e1gi okokb\u00f3l k\u00f6telez\u0151 meg\u0151rizn\u00fcnk.<\/p>\r\n\r\n\r\n\r\n<h2 class=\"wp-block-heading\">Hov\u00e1 tov\u00e1bb\u00edtjuk az adatokat<\/h2>\r\n\r\n\r\n\r\n<p>A l\u00e1togat\u00f3k \u00e1ltal bek\u00fcld\u00f6tt hozz\u00e1sz\u00f3l\u00e1sokat automatikus spamsz\u0171r\u0151 szolg\u00e1ltat\u00e1s ellen\u0151rizheti.<\/p>\r\n<h2>ADATTOV\u00c1BB\u00cdT\u00c1SI NYILATKOZAT SimplePay bankk\u00e1rty\u00e1s fizet\u00e9s eset\u00e9n<\/h2>\r\n<p>Tudom\u00e1sul veszem, hogy a(z) This Side Management &amp; More Kft. (8200 Veszpr\u00e9m, Kossuth utca 6.) adatkezel\u0151 \u00e1ltal a <a href=\"https:\/\/shop.ibcc.hu\">shop.ibcc.hu<\/a> felhaszn\u00e1l\u00f3i adatb\u00e1zis\u00e1ban t\u00e1rolt al\u00e1bbi szem\u00e9lyes adataim \u00e1tad\u00e1sra ker\u00fclnek a SimplePay Zrt. (1138 Budapest, V\u00e1ci \u00fat 135-139.), mint adatfeldolgoz\u00f3 r\u00e9sz\u00e9re: teljes n\u00e9v, e-mail c\u00edm, orsz\u00e1g, kos\u00e1r adatok, sz\u00e1ml\u00e1z\u00e1si c\u00edm, telefonsz\u00e1m, helysz\u00edn)<\/p>\r\n<p>\r\n\r\n<\/p>\r\n<p>Az adatfeldolgoz\u00f3\u00e1ltal v\u00e9gzett adatfeldolgoz\u00e1si tev\u00e9kenys\u00e9g jellege \u00e9s c\u00e9lja a SimplePay Adatkezel\u00e9si t\u00e1j\u00e9koztat\u00f3ban, az al\u00e1bbi linken tekinthet\u0151 meg: <a href=\"https:\/\/simplepay.hu\/vasarlo-aff\/\" target=\"_blank\" rel=\"noopener\">https:\/\/simplepay.hu\/vasarlo-aff\/<\/a><\/p>\r\n<p>\r\n\r\n<\/p>\r\n<p>Az adattov\u00e1bb\u00edt\u00e1s c\u00e9lja: a felhaszn\u00e1l\u00f3k r\u00e9sz\u00e9re t\u00f6rt\u00e9n\u0151 \u00fcgyf\u00e9lszolg\u00e1lati seg\u00edts\u00e9gny\u00fajt\u00e1s, a tranzakci\u00f3k visszaigazol\u00e1sa \u00e9s a felhaszn\u00e1l\u00f3k v\u00e9delme \u00e9rdek\u00e9ben v\u00e9gzett fraud-monitoring.<\/p>\r\n<p><\/p>","protected":false},"excerpt":{"rendered":"<p>Adatkezel\u0151 N\u00e9v: This Side Management &amp; More Kft Sz\u00e9khely: 8200 Veszpr\u00e9m Kossuth utca 6 Levelez\u00e9si c\u00edm, panaszkezel\u00e9s: 8200 Veszpr\u00e9m Kossuth utca 6 E-mail: shop@ibcc.hu Weboldal: https:\/\/shop.ibcc.hu T\u00e1rhelyszolg\u00e1ltat\u00f3 N\u00e9v: Lasarm Bt. Levelez\u00e9si c\u00edm: 1192 Bp. Zalaegerszeg u. 15 I\/7 E-mail c\u00edm: molnar.sandor@lasarm.hu Telefonsz\u00e1m: +36703172957 A webshop u\u0308zemeltet\u00e9se sor\u00e1n v\u00e9gzett adatkezel\u00e9sek le\u00edr\u00e1sa A cookie-k haszn\u00e1lat\u00e1val kapcsolatos t\u00e1j\u00e9koztat\u00e1s [&#8230;]\n","protected":false},"author":1,"featured_media":0,"parent":0,"menu_order":0,"comment_status":"closed","ping_status":"closed","template":"","meta":{"footnotes":""},"class_list":["post-3","page","type-page","status-publish","hentry"],"_links":{"self":[{"href":"https:\/\/shop.ibcc.hu\/api\/wp\/v2\/pages\/3","targetHints":{"allow":["GET"]}}],"collection":[{"href":"https:\/\/shop.ibcc.hu\/api\/wp\/v2\/pages"}],"about":[{"href":"https:\/\/shop.ibcc.hu\/api\/wp\/v2\/types\/page"}],"author":[{"embeddable":true,"href":"https:\/\/shop.ibcc.hu\/api\/wp\/v2\/users\/1"}],"replies":[{"embeddable":true,"href":"https:\/\/shop.ibcc.hu\/api\/wp\/v2\/comments?post=3"}],"version-history":[{"count":16,"href":"https:\/\/shop.ibcc.hu\/api\/wp\/v2\/pages\/3\/revisions"}],"predecessor-version":[{"id":104925,"href":"https:\/\/shop.ibcc.hu\/api\/wp\/v2\/pages\/3\/revisions\/104925"}],"wp:attachment":[{"href":"https:\/\/shop.ibcc.hu\/api\/wp\/v2\/media?parent=3"}],"curies":[{"name":"wp","href":"https:\/\/api.w.org\/{rel}","templated":true}]}}